{"id":2,"date":"2019-11-12T14:16:37","date_gmt":"2019-11-12T13:16:37","guid":{"rendered":"https:\/\/www.lareferencepierre.fr\/accueil\/?page_id=2"},"modified":"2026-04-29T15:53:20","modified_gmt":"2026-04-29T13:53:20","slug":"accueil","status":"publish","type":"page","link":"https:\/\/www.lareferencepierre.fr\/accueil\/","title":{"rendered":"Accueil"},"content":{"rendered":"\n<div class=\"wp-block-group alignwide has-global-padding is-layout-constrained wp-block-group-is-layout-constrained\" style=\"padding-top:0;padding-bottom:0\"><style>\n    .block-editor__container .home-header img {\n        display: none !important;\n    }\n<\/style>\n<div  class=\"home-header alignwide\" >\n    \n<img decoding=\"async\" src=\"https:\/\/www.lareferencepierre.fr\/accueil\/wp-content\/uploads\/site-lrp-photos-2-700x700.png\" alt=\"\" class=\"image_1\" data-scroll=\"\" data-scroll-speed=\"-0.05\"><img decoding=\"async\" src=\"https:\/\/www.lareferencepierre.fr\/accueil\/wp-content\/uploads\/8-700x700.jpg\" alt=\"\" class=\"image_2\" data-scroll=\"\" data-scroll-speed=\"-0.1\"><img decoding=\"async\" src=\"https:\/\/www.lareferencepierre.fr\/accueil\/wp-content\/uploads\/site-lrp-photos-4-700x700.png\" alt=\"\" class=\"image_3\" data-scroll=\"\" data-scroll-speed=\"0.25\"><img decoding=\"async\" src=\"https:\/\/www.lareferencepierre.fr\/accueil\/wp-content\/uploads\/10-700x700.jpg\" alt=\"\" class=\"image_4\" data-scroll=\"\" data-scroll-speed=\"0.2\"><img decoding=\"async\" src=\"https:\/\/www.lareferencepierre.fr\/accueil\/wp-content\/uploads\/site-lrp-photos-1-700x700.png\" alt=\"\" class=\"image_5\" data-scroll=\"\" data-scroll-speed=\"-0.15\"><img decoding=\"async\" src=\"https:\/\/www.lareferencepierre.fr\/accueil\/wp-content\/uploads\/9-700x700.jpg\" alt=\"\" class=\"image_6\" data-scroll=\"\" data-scroll-speed=\"-0.1\"><img decoding=\"async\" src=\"https:\/\/www.lareferencepierre.fr\/accueil\/wp-content\/uploads\/site-lrp-photos-3-700x700.png\" alt=\"\" class=\"image_7\" data-scroll=\"\" data-scroll-speed=\"0.25\"><img decoding=\"async\" src=\"https:\/\/www.lareferencepierre.fr\/accueil\/wp-content\/uploads\/11-700x700.jpg\" alt=\"\" class=\"image_8\" data-scroll=\"\" data-scroll-speed=\"0.3\">\n    <div class=\"acf-innerblocks-container\">\n\n<div data-animation-type=\"fade\" data-scroll data-scroll-offset=\"30%\" class=\"wp-block-group has-global-padding is-layout-constrained wp-container-core-group-is-layout-1 wp-block-group-is-layout-constrained\">\n<div class=\"wp-block-imcr-blocks-responsive-spacer\"><div style=\"height:192px\"><\/div><div style=\"height:16px\"><\/div><\/div>\n\n\n\n<h1 class=\"wp-block-heading has-text-align-center\">LRP <mark style=\"background-color:rgba(0, 0, 0, 0)\" class=\"has-inline-color has-accent-50-color\">by Arkea<\/mark><br><sub>Votre partenaire <mark style=\"background-color:#E10B19\" class=\"has-inline-color\">d\u2019excellence<\/mark><\/sub><\/h1>\n\n\n\n<p class=\"has-text-align-center\">Depuis sa cr\u00e9ation en 2009, La R\u00e9f\u00e9rence Pierre se distingue comme une plateforme immobili\u00e8re incontournable pour les professionnels du patrimoine avec un acc\u00e8s privil\u00e9gi\u00e9 \u00e0 une s\u00e9lection de programmes immobiliers exclusifs et diversifi\u00e9s.<\/p>\n\n\n\n<div class=\"wp-block-buttons is-content-justification-center is-layout-flex wp-container-core-buttons-is-layout-1 wp-block-buttons-is-layout-flex\">\n<div class=\"wp-block-button is-style-secondary is-style-secondary--1\"><a class=\"wp-block-button__link wp-element-button\" href=\"#offres-exclusives\">Trois offres exclusives<\/a><\/div>\n\n\n\n<div class=\"wp-block-button \"><a class=\"wp-block-button__link wp-element-button\" href=\"https:\/\/www.lareferencepierre.fr\/accueil\/devenir-partenaire\/\">Devenir partenaire<\/a><\/div>\n<\/div>\n\n\n\n<div class=\"wp-block-imcr-blocks-responsive-spacer\"><div style=\"height:272px\"><\/div><div style=\"height:48px\"><\/div><\/div>\n<\/div>\n\n<\/div>\n\n<\/div>\n<\/div>\n\n\n\n<div class=\"wp-block-imcr-blocks-responsive-spacer\"><div style=\"height:160px\"><\/div><div style=\"height:144px\"><\/div><\/div>\n\n\n\n<div class=\"wp-block-group alignfull has-secondary-10-background-color has-background has-global-padding is-layout-constrained wp-container-core-group-is-layout-3 wp-block-group-is-layout-constrained\" style=\"padding-top:0;padding-bottom:0\">\n<div class=\"wp-block-columns is-layout-flex wp-container-core-columns-is-layout-1 wp-block-columns-is-layout-flex\">\n<div class=\"wp-block-column is-layout-flow wp-block-column-is-layout-flow\" style=\"flex-basis:50%\">\n<div  class=\"double-image\" >\n    \n<img decoding=\"async\" src=\"https:\/\/www.lareferencepierre.fr\/accueil\/wp-content\/uploads\/site-lrp-photos-700x700.png\" alt=\"\" class=\"image_1\" data-scroll=\"\" data-scroll-speed=\"-0.05\"><img decoding=\"async\" src=\"https:\/\/www.lareferencepierre.fr\/accueil\/wp-content\/uploads\/7-700x700.jpg\" alt=\"\" class=\"image_2\" data-scroll=\"\" data-scroll-speed=\"-0.05\"><\/div>\n<\/div>\n\n\n\n<div class=\"wp-block-column is-layout-flow wp-container-core-column-is-layout-2 wp-block-column-is-layout-flow\" style=\"flex-basis:40%\">\n<div class=\"wp-block-imcr-blocks-responsive-spacer\"><div style=\"height:32px\"><\/div><div style=\"height:0\"><\/div><\/div>\n\n\n\n<p class=\"has-secondary-50-color has-text-color has-link-color wp-elements-08e88e0837d15ce2c8a086531925ba21\">\u00c0 PROPOS<\/p>\n\n\n\n<h2 class=\"wp-block-heading\">LRP <mark style=\"background-color:rgba(0, 0, 0, 0)\" class=\"has-inline-color has-accent-50-color\">by Arkea<\/mark>, <mark style=\"background-color:#00a7ab\" class=\"has-inline-color\">l\u2019expertise<\/mark> d\u2019une structure \u00e0 taille humaine<\/h2>\n\n\n\n<p>Depuis 2009, <strong>LRP by Ark\u00e9a accompagne les conseillers en gestion de patrimoine<\/strong> en leur offrant un acc\u00e8s exclusif \u00e0 des opportunit\u00e9s d&rsquo;investissement immobilier rigoureusement<br>s\u00e9lectionn\u00e9es.<br><br>Forts de notre expertise du march\u00e9, nous vous aidons \u00e0 proposer \u00e0 vos clients des solutions performantes qu&rsquo;il s&rsquo;agisse d&rsquo;immobilier neuf, ancien ou de fonds immobiliers. Gr\u00e2ce \u00e0 notre accompagnement personnalis\u00e9 et \u00e0 une s\u00e9lection strat\u00e9gique, nous maximisons les chances de succ\u00e8s de vos prescriptions immobili\u00e8res.<\/p>\n\n\n\n<div class=\"wp-block-buttons is-layout-flex wp-block-buttons-is-layout-flex\">\n<div class=\"wp-block-button is-style-secondary is-style-secondary--2\"><a class=\"wp-block-button__link wp-element-button\" href=\"https:\/\/www.lareferencepierre.fr\/accueil\/a-propos\/\">En savoir plus<\/a><\/div>\n<\/div>\n<\/div>\n\n\n\n<div class=\"wp-block-column is-layout-flow wp-block-column-is-layout-flow\" style=\"flex-basis:0%\"><\/div>\n<\/div>\n\n\n\n<div class=\"wp-block-columns process-columns is-layout-flex wp-container-core-columns-is-layout-2 wp-block-columns-is-layout-flex\">\n<div class=\"wp-block-column is-layout-flow wp-container-core-column-is-layout-4 wp-block-column-is-layout-flow\">\n<p>AVANT<\/p>\n\n\n\n<h3 class=\"wp-block-heading\"><mark style=\"background-color:#00a7ab\" class=\"has-inline-color\">S\u00e9lection<\/mark> et n\u00e9gociation d\u2019op\u00e9rations commerciales<\/h3>\n<\/div>\n\n\n\n<div class=\"wp-block-column is-layout-flow wp-container-core-column-is-layout-5 wp-block-column-is-layout-flow\">\n<p>PENDANT<\/p>\n\n\n\n<h3 class=\"wp-block-heading\"><mark style=\"background-color:#00a7ab\" class=\"has-inline-color\">Accompagnement<\/mark> de nos partenaires<\/h3>\n<\/div>\n\n\n\n<div class=\"wp-block-column is-layout-flow wp-container-core-column-is-layout-6 wp-block-column-is-layout-flow\">\n<p>APR\u00c8S<\/p>\n\n\n\n<h3 class=\"wp-block-heading\"><mark style=\"background-color:#00a7ab\" class=\"has-inline-color\">Suivi<\/mark> des investissements dans la dur\u00e9e<\/h3>\n<\/div>\n<\/div>\n\n\n\n<div class=\"wp-block-imcr-blocks-responsive-spacer\"><div style=\"height:32px\"><\/div><div style=\"height:16px\"><\/div><\/div>\n<\/div>\n\n\n\n<div class=\"wp-block-group alignfull animate__fadeInUp animation-extend paused animate__animated has-secondary-90-background-color has-background has-global-padding is-layout-constrained wp-container-core-group-is-layout-13 wp-block-group-is-layout-constrained\" style=\"padding-top:var(--wp--preset--spacing--plus-3);padding-right:var(--wp--preset--spacing--base);padding-bottom:var(--wp--preset--spacing--plus-3);padding-left:var(--wp--preset--spacing--base)\">\n<div class=\"wp-block-imcr-blocks-responsive-spacer\"><div style=\"height:32px\"><\/div><div style=\"height:16px\"><\/div><\/div>\n\n\n\n<div class=\"wp-block-columns are-vertically-aligned-center is-layout-flex wp-container-core-columns-is-layout-3 wp-block-columns-is-layout-flex\">\n<div class=\"wp-block-column is-vertically-aligned-center is-layout-flow wp-container-core-column-is-layout-7 wp-block-column-is-layout-flow\" style=\"flex-basis:75%\">\n<div class=\"wp-block-group has-global-padding is-layout-constrained wp-container-core-group-is-layout-4 wp-block-group-is-layout-constrained\">\n<p class=\"has-secondary-30-color has-text-color has-link-color wp-elements-1f92e9214604542184e4b5673bbf0e11\">GROUPE ARKEA<\/p>\n\n\n\n<h2 class=\"wp-block-heading has-white-color has-text-color has-link-color wp-elements-06f3323038f54a73b34bd314bfb4922f\">Le <mark style=\"background-color:rgba(0, 0, 0, 0)\" class=\"has-inline-color has-accent-50-color\">Cr\u00e9dit Mutuel Arkea<\/mark>, la <mark style=\"background-color:#E10B19\" class=\"has-inline-color\">puissance<\/mark> d\u2019un grand groupe bancaire<\/h2>\n\n\n\n<p class=\"has-white-color has-text-color has-link-color wp-elements-9ab2651fb440388322f90979fcedd33f\">Le <strong>Groupe Ark\u00e9a<\/strong> est un acteur majeur dans l\u2019accompagnement des conseillers en gestion de patrimoine. Avec une expertise solide et un engagement constant en faveur de l&rsquo;innovation, le Groupe Arkea propose un \u00e9cosyst\u00e8me complet pour r\u00e9pondre \u00e0 l\u2019ensemble des besoins patrimoniaux de vos clients :<\/p>\n<\/div>\n\n\n\n<div  class=\"imcr-content-slider swiper swiper-content slider-just-next swiper-loop swiper-3-items\" data-slides-per-view=\"3\">\n       \n   <div class=\"swiper-wrapper\">\n\n<div class=\"wp-block-group swiper-slide has-global-padding is-layout-constrained wp-container-core-group-is-layout-5 wp-block-group-is-layout-constrained\">\n<h3 class=\"wp-block-heading has-white-color has-text-color has-link-color wp-elements-f1d018e91b6efed5f9f77ca51b58696c\"><mark style=\"background-color:rgba(0, 0, 0, 0)\" class=\"has-inline-color has-accent-50-color\">Arkea<\/mark> REIM<\/h3>\n\n\n\n<p class=\"has-white-color has-text-color has-link-color wp-elements-276eb0e5a4459c12bfa0f64ae75643d2\">Fournit des solutions immobili\u00e8res durables, avec une gamme de placements diversifi\u00e9s, incluant les SCPI et les OPCI. Gr\u00e2ce \u00e0 l\u2019expertise d\u2019Arkea REIM, l\u2019investissement dans des actifs immobiliers performants et responsables devient une option strat\u00e9gique, align\u00e9e sur les enjeux actuels du march\u00e9.<\/p>\n\n\n\n<div class=\"wp-block-buttons is-layout-flex wp-block-buttons-is-layout-flex\">\n<div class=\"wp-block-button has-custom-font-size is-style-link has-small-font-size icone-external-link is-style-link--3\"><a class=\"wp-block-button__link has-white-color has-text-color has-link-color wp-element-button\" href=\"https:\/\/www.arkea-reim.com\/immobilier\/j_6\/accueil\" target=\"_blank\" rel=\"noreferrer noopener\">Visiter le site<\/a><\/div>\n<\/div>\n<\/div>\n\n\n\n<div class=\"wp-block-group swiper-slide has-global-padding is-layout-constrained wp-container-core-group-is-layout-6 wp-block-group-is-layout-constrained\">\n<h3 class=\"wp-block-heading has-white-color has-text-color has-link-color wp-elements-d90bdc7d4472a623823b08261c3671b8\">Vie Plus<\/h3>\n\n\n\n<p class=\"has-white-color has-text-color has-link-color wp-elements-e779c16a47451c89312fae61c1f140bc\">Offre des solutions d\u2019\u00e9pargne et de retraite sur mesure, con\u00e7ues pour optimiser la fiscalit\u00e9 et s\u00e9curiser l\u2019avenir financier. Vie Plus propose une gamme compl\u00e8te de contrats d\u2019assurance-vie, de PER, et d\u2019autres dispositifs d\u2019\u00e9pargne longue dur\u00e9e, adapt\u00e9s aux besoins sp\u00e9cifiques de chaque investisseur.<\/p>\n\n\n\n<div class=\"wp-block-buttons is-layout-flex wp-block-buttons-is-layout-flex\">\n<div class=\"wp-block-button has-custom-font-size is-style-link has-small-font-size icone-external-link is-style-link--4\"><a class=\"wp-block-button__link has-white-color has-text-color has-link-color wp-element-button\" href=\"https:\/\/www.vieplus.fr\/\" target=\"_blank\" rel=\"noreferrer noopener\">Visiter le site<\/a><\/div>\n<\/div>\n<\/div>\n\n\n\n<div class=\"wp-block-group swiper-slide has-global-padding is-layout-constrained wp-container-core-group-is-layout-7 wp-block-group-is-layout-constrained\">\n<h3 class=\"wp-block-heading has-white-color has-text-color has-link-color wp-elements-7679d6c55c93590a69286b47b6a84a25\">LRP <mark style=\"background-color:rgba(0, 0, 0, 0)\" class=\"has-inline-color has-accent-50-color\">by Arkea<\/mark><\/h3>\n\n\n\n<p class=\"has-white-color has-text-color has-link-color wp-elements-e4b41534561de6680a847518a33bb901\">Met \u00e0 disposition une s\u00e9lection exclusive de biens immobiliers, choisis avec rigueur, pour leur potentiel de rentabilit\u00e9 et de valorisation. Que ce soit dans l\u2019immobilier neuf, ancien ou les fonds immobiliers, LRP by Arkea permet de diversifier et d\u2019optimiser les portefeuilles de vos clients en toute s\u00e9curit\u00e9.<\/p>\n<\/div>\n\n<\/div>\n    <!-- <div class=\"swiper-pagination\"><\/div> -->\n            <div class=\"pagination-container\">\n            <div class=\"swiper-button-prev\"><\/div>\n            <div class=\"swiper-button-next\"><\/div>\n        <\/div>\n    <\/div>\n<\/div>\n\n\n\n<div class=\"wp-block-column is-vertically-aligned-center number-column is-layout-flow wp-block-column-is-layout-flow\" style=\"flex-basis:25%\">\n<div class=\"wp-block-group chiffre-columns is-vertical is-content-justification-stretch is-layout-flex wp-container-core-group-is-layout-12 wp-block-group-is-layout-flex\">\n<div class=\"wp-block-group has-global-padding is-layout-constrained wp-container-core-group-is-layout-8 wp-block-group-is-layout-constrained\" style=\"border-top-style:none;border-top-width:0px;border-right-style:none;border-right-width:0px;border-bottom-color:var(--wp--preset--color--secondary-70);border-bottom-width:1px;border-left-style:none;border-left-width:0px;padding-top:var(--wp--preset--spacing--base);padding-bottom:var(--wp--preset--spacing--base)\">\n<p class=\"is-style-number has-white-color has-text-color has-link-color wp-elements-39b3dc41dc2adc29ba99fbfadc36b75a is-style-number--5\">417M \u20ac<\/p>\n\n\n\n<p class=\"has-secondary-30-color has-text-color has-link-color wp-elements-d22ba3bce689447d828bb36da37b056d\"><strong>r\u00e9sultat net en 2023<\/strong><\/p>\n<\/div>\n\n\n\n<div class=\"wp-block-group has-global-padding is-layout-constrained wp-container-core-group-is-layout-9 wp-block-group-is-layout-constrained\" style=\"border-top-style:none;border-top-width:0px;border-right-style:none;border-right-width:0px;border-bottom-color:var(--wp--preset--color--secondary-70);border-bottom-width:1px;border-left-style:none;border-left-width:0px;padding-top:var(--wp--preset--spacing--base);padding-bottom:var(--wp--preset--spacing--base)\">\n<p class=\"is-style-number has-secondary-30-color has-text-color has-link-color wp-elements-1556f9b5d234c59a136b4281372eab6b is-style-number--6\">9,7 mds \u20ac<\/p>\n\n\n\n<p class=\"has-secondary-30-color has-text-color has-link-color wp-elements-468bbcd898c6b28de292f6f58000f0dc\"><strong>capitaux propres en 2023<\/strong><\/p>\n<\/div>\n\n\n\n<div class=\"wp-block-group has-global-padding is-layout-constrained wp-container-core-group-is-layout-10 wp-block-group-is-layout-constrained\" style=\"border-top-style:none;border-top-width:0px;border-right-style:none;border-right-width:0px;border-bottom-color:var(--wp--preset--color--secondary-70);border-bottom-width:1px;border-left-style:none;border-left-width:0px;padding-top:var(--wp--preset--spacing--base);padding-bottom:var(--wp--preset--spacing--base)\">\n<p class=\"is-style-number has-secondary-30-color has-text-color has-link-color wp-elements-50e124669a862e4d656562cf2caa5b5e is-style-number--7\">5,12M<\/p>\n\n\n\n<p class=\"has-secondary-30-color has-text-color has-link-color wp-elements-efb39f3510ba9bf5ace9e96fe8c8c9a9\"><strong>de clients soci\u00e9taires<\/strong><\/p>\n<\/div>\n\n\n\n<div class=\"wp-block-group has-global-padding is-layout-constrained wp-container-core-group-is-layout-11 wp-block-group-is-layout-constrained\" style=\"padding-top:var(--wp--preset--spacing--base);padding-bottom:var(--wp--preset--spacing--base)\">\n<p class=\"is-style-number has-secondary-30-color has-text-color has-link-color wp-elements-6b2c0df3f1c0f8283e38e639d50d8c9d is-style-number--8\">+ de 40<\/p>\n\n\n\n<p class=\"has-secondary-30-color has-text-color has-link-color wp-elements-9f60d295f9a3b50dee9463fd757ef78d\"><strong>filiales sp\u00e9cialis\u00e9es<\/strong><\/p>\n<\/div>\n<\/div>\n<\/div>\n<\/div>\n\n\n\n<div class=\"wp-block-imcr-blocks-responsive-spacer\"><div style=\"height:32px\"><\/div><div style=\"height:16px\"><\/div><\/div>\n<\/div>\n\n\n\n<div id=\"offres-exclusives\" class=\"wp-block-group has-global-padding is-layout-constrained wp-block-group-is-layout-constrained\">\n<div class=\"wp-block-imcr-blocks-responsive-spacer\"><div style=\"height:64px\"><\/div><div style=\"height:32px\"><\/div><\/div>\n\n\n\n<div class=\"wp-block-group sticky-title is-vertical is-content-justification-center is-layout-flex wp-container-core-group-is-layout-14 wp-block-group-is-layout-flex\">\n<h2 class=\"wp-block-heading has-text-align-center sticky-title has-secondary-90-color has-text-color has-link-color wp-elements-b56962f55d7dcb4c6d16ebf080b63887\">Trois offres <mark style=\"background-color:#00a7ab\" class=\"has-inline-color\">exclusives<\/mark><\/h2>\n\n\n\n<div class=\"wp-block-imcr-blocks-responsive-spacer\"><div style=\"height:48px\"><\/div><div style=\"height:16px\"><\/div><\/div>\n<\/div>\n\n\n\n<div class=\"wp-block-columns sticky-columns is-layout-flex wp-container-core-columns-is-layout-4 wp-block-columns-is-layout-flex\">\n<div class=\"wp-block-column is-layout-flow wp-container-core-column-is-layout-9 wp-block-column-is-layout-flow\">\n<div class=\"wp-block-group has-primary-50-background-color has-background has-global-padding is-content-justification-center is-layout-constrained wp-container-core-group-is-layout-15 wp-block-group-is-layout-constrained\" style=\"padding-top:var(--wp--preset--spacing--plus-1);padding-right:var(--wp--preset--spacing--minus-1);padding-bottom:var(--wp--preset--spacing--plus-1);padding-left:var(--wp--preset--spacing--minus-1)\">\n<h3 class=\"wp-block-heading has-text-align-center has-white-color has-text-color has-link-color wp-elements-26c75ea0b0db2d121dd784333a67eda8\">Immobilier neuf<\/h3>\n\n\n\n<p class=\"has-text-align-center has-white-color has-text-color has-link-color has-small-font-size wp-elements-2cd229aaad8f037ebd024b2de3d9381a\">PERFORMANCE ET DURABILIT\u00c9<\/p>\n\n\n\n<ul class=\"wp-block-list has-white-color has-text-color has-link-color wp-elements-18f6a7ffb94c76974422c2ce87e85c7b\">\n<li>Loueur en meubl\u00e9 sous bail commercial<\/li>\n\n\n\n<li>Loueur en meubl\u00e9 mandat de gestion<\/li>\n\n\n\n<li>Nue-Propri\u00e9t\u00e9<\/li>\n\n\n\n<li>R\u00e9sidence principale<\/li>\n<\/ul>\n<\/div>\n\n\n\n<div class=\"wp-block-group has-white-background-color has-background has-global-padding is-layout-constrained wp-block-group-is-layout-constrained\" style=\"padding-top:var(--wp--preset--spacing--minus-3);padding-bottom:var(--wp--preset--spacing--minus-3)\">\n<div class=\"wp-block-buttons is-content-justification-center is-layout-flex wp-container-core-buttons-is-layout-5 wp-block-buttons-is-layout-flex\">\n<div class=\"wp-block-button is-style-link is-style-link--9\"><a class=\"wp-block-button__link wp-element-button\" href=\"https:\/\/www.lareferencepierre.fr\/accueil\/limmobilier-neuf\/\">En savoir plus<\/a><\/div>\n<\/div>\n<\/div>\n\n\n\n<div class=\"wp-block-imcr-blocks-responsive-spacer\"><div style=\"height:96px\"><\/div><div style=\"height:48px\"><\/div><\/div>\n<\/div>\n\n\n\n<div class=\"wp-block-column is-layout-flow wp-block-column-is-layout-flow\"><\/div>\n\n\n\n<div class=\"wp-block-column is-layout-flow wp-block-column-is-layout-flow\"><\/div>\n<\/div>\n\n\n\n<div class=\"wp-block-columns sticky-columns is-layout-flex wp-container-core-columns-is-layout-5 wp-block-columns-is-layout-flex\">\n<div class=\"wp-block-column is-layout-flow wp-block-column-is-layout-flow\"><\/div>\n\n\n\n<div class=\"wp-block-column is-layout-flow wp-container-core-column-is-layout-13 wp-block-column-is-layout-flow\">\n<div class=\"wp-block-group has-primary-70-background-color has-background has-global-padding is-content-justification-center is-layout-constrained wp-container-core-group-is-layout-17 wp-block-group-is-layout-constrained\" style=\"padding-top:var(--wp--preset--spacing--plus-1);padding-right:var(--wp--preset--spacing--minus-1);padding-bottom:var(--wp--preset--spacing--plus-1);padding-left:var(--wp--preset--spacing--minus-1)\">\n<h3 class=\"wp-block-heading has-text-align-center has-white-color has-text-color has-link-color wp-elements-20743298844e1fbc8e73f7496c8cc2fc\">Immobilier ancien<\/h3>\n\n\n\n<p class=\"has-text-align-center has-white-color has-text-color has-link-color has-small-font-size wp-elements-4723f9e067ab9715da0875e0ee5a640c\">VALORISATION ET CARACT\u00c8RE<\/p>\n\n\n\n<ul class=\"wp-block-list has-white-color has-text-color has-link-color wp-elements-363321e78bb1e66c3daccda4d7035a38\">\n<li>Ancien r\u00e9nov\u00e9 (IMPACT)<\/li>\n\n\n\n<li>LMNP<\/li>\n\n\n\n<li>Loi Denormandie<\/li>\n<\/ul>\n<\/div>\n\n\n\n<div class=\"wp-block-group has-white-background-color has-background has-global-padding is-layout-constrained wp-block-group-is-layout-constrained\" style=\"padding-top:var(--wp--preset--spacing--minus-3);padding-bottom:var(--wp--preset--spacing--minus-3)\">\n<div class=\"wp-block-buttons is-content-justification-center is-layout-flex wp-container-core-buttons-is-layout-6 wp-block-buttons-is-layout-flex\">\n<div class=\"wp-block-button is-style-link is-style-link--10\"><a class=\"wp-block-button__link has-primary-70-color has-text-color has-link-color wp-element-button\" href=\"https:\/\/www.lareferencepierre.fr\/accueil\/immobilier-ancien\/\">En savoir plus<\/a><\/div>\n<\/div>\n<\/div>\n\n\n\n<div class=\"wp-block-imcr-blocks-responsive-spacer\"><div style=\"height:96px\"><\/div><div style=\"height:48px\"><\/div><\/div>\n<\/div>\n\n\n\n<div class=\"wp-block-column is-layout-flow wp-block-column-is-layout-flow\"><\/div>\n<\/div>\n\n\n\n<div class=\"wp-block-columns sticky-columns is-layout-flex wp-container-core-columns-is-layout-6 wp-block-columns-is-layout-flex\">\n<div class=\"wp-block-column is-layout-flow wp-block-column-is-layout-flow\"><\/div>\n\n\n\n<div class=\"wp-block-column is-layout-flow wp-block-column-is-layout-flow\"><\/div>\n\n\n\n<div class=\"wp-block-column is-layout-flow wp-container-core-column-is-layout-17 wp-block-column-is-layout-flow\">\n<div class=\"wp-block-group has-primary-90-background-color has-background has-global-padding is-content-justification-center is-layout-constrained wp-container-core-group-is-layout-19 wp-block-group-is-layout-constrained\" style=\"padding-top:var(--wp--preset--spacing--plus-1);padding-right:var(--wp--preset--spacing--minus-1);padding-bottom:var(--wp--preset--spacing--plus-1);padding-left:var(--wp--preset--spacing--minus-1)\">\n<h3 class=\"wp-block-heading has-text-align-center has-white-color has-text-color has-link-color wp-elements-449137e7f2089346ae2e47f93d3a6edd\">Fonds \u00e0 sous-jacent immobilier<\/h3>\n\n\n\n<p class=\"has-text-align-center has-white-color has-text-color has-link-color has-small-font-size wp-elements-63c9ebd245065e7d3bb85197625c9bf6\">DIVERSIFICATION ET MUTUALISATION DU RISQUE<\/p>\n\n\n\n<ul class=\"wp-block-list has-white-color has-text-color has-link-color wp-elements-2c181a4ab49d286bb2818fdd088fdf5e\">\n<li>Club Deal \u2013 de type autres FIA<\/li>\n\n\n\n<li>Fonds professionnels sp\u00e9cialis\u00e9s<\/li>\n\n\n\n<li>SCPI<\/li>\n<\/ul>\n<\/div>\n\n\n\n<div class=\"wp-block-group has-white-background-color has-background has-global-padding is-layout-constrained wp-block-group-is-layout-constrained\" style=\"padding-top:var(--wp--preset--spacing--minus-4);padding-bottom:var(--wp--preset--spacing--minus-4)\">\n<div class=\"wp-block-buttons is-content-justification-center is-layout-flex wp-container-core-buttons-is-layout-7 wp-block-buttons-is-layout-flex\">\n<div class=\"wp-block-button is-style-link is-style-link--11\"><a class=\"wp-block-button__link has-primary-90-color has-text-color has-link-color wp-element-button\" href=\"https:\/\/www.lareferencepierre.fr\/accueil\/fonds-a-sous-jacents-immobiliers\/\">En savoir plus<\/a><\/div>\n<\/div>\n<\/div>\n\n\n\n<div class=\"wp-block-imcr-blocks-responsive-spacer\"><div style=\"height:96px\"><\/div><div style=\"height:64px\"><\/div><\/div>\n<\/div>\n<\/div>\n\n\n\n<div class=\"wp-block-group has-white-background-color has-background has-global-padding is-layout-constrained wp-block-group-is-layout-constrained\">\n<div class=\"wp-block-imcr-blocks-responsive-spacer\"><div style=\"height:80px\"><\/div><div style=\"height:64px\"><\/div><\/div>\n<\/div>\n<\/div>\n\n\n\n<div data-animation-type=\"slide\" data-scroll data-scroll-offset=\"30%\" id=\"3bonnesraisons\" class=\"wp-block-group has-secondary-90-background-color has-background has-global-padding is-layout-constrained wp-container-core-group-is-layout-27 wp-block-group-is-layout-constrained\" style=\"padding-top:var(--wp--preset--spacing--plus-3);padding-bottom:var(--wp--preset--spacing--plus-3)\">\n<div class=\"wp-block-group has-global-padding is-layout-constrained wp-container-core-group-is-layout-26 wp-block-group-is-layout-constrained\">\n\n\n<h2 class=\"wp-block-heading has-text-align-center has-white-color has-text-color has-link-color wp-elements-975bbdb58b45bdf79e263caf15f8808c\">3 bonnes raisons de devenir <mark style=\"background-color:#00a7ab\" class=\"has-inline-color\">partenaire<\/mark><\/h2>\n\n\n\n<div  class=\"imcr-content-slider swiper swiper-content slider-just-next no-desktop swiper-loop swiper-3-items\" data-slides-per-view=\"3\">\n       \n   <div class=\"swiper-wrapper\">\n\n<div class=\"wp-block-group swiper-slide has-white-background-color has-background has-global-padding is-content-justification-center is-layout-constrained wp-container-core-group-is-layout-23 wp-block-group-is-layout-constrained\" style=\"padding-top:var(--wp--preset--spacing--plus-1);padding-right:var(--wp--preset--spacing--base);padding-bottom:var(--wp--preset--spacing--plus-1);padding-left:var(--wp--preset--spacing--base)\">\n<figure class=\"wp-block-image aligncenter size-large has-custom-border\"><img loading=\"lazy\" decoding=\"async\" width=\"91\" height=\"90\" src=\"https:\/\/www.lareferencepierre.fr\/accueil\/wp-content\/uploads\/equipe-outline.svg\" alt=\"\" class=\"wp-image-5553\" style=\"border-top-style:none;border-top-width:0px;border-right-style:none;border-right-width:0px;border-bottom-color:var(--wp--preset--color--white);border-bottom-width:30px;border-left-style:none;border-left-width:0px\"\/><\/figure>\n\n\n\n<p class=\"has-text-align-center has-secondary-90-color has-text-color\"><strong>Une \u00e9quipe commerciale de proximit\u00e9<\/strong><\/p>\n\n\n\n<ul class=\"wp-block-list has-secondary-90-color has-text-color has-link-color has-small-font-size wp-elements-c8d2d8c9fda48e62058425232a650982\">\n<li>Conseil et accompagnement de vos prescriptions immobili\u00e8res<\/li>\n\n\n\n<li>Animations r\u00e9guli\u00e8res en r\u00e9gions<\/li>\n\n\n\n<li>Aide \u00e0 la vente<\/li>\n<\/ul>\n<\/div>\n\n\n\n<div class=\"wp-block-group swiper-slide has-white-background-color has-background has-global-padding is-content-justification-center is-layout-constrained wp-container-core-group-is-layout-24 wp-block-group-is-layout-constrained\" style=\"padding-top:var(--wp--preset--spacing--plus-1);padding-right:var(--wp--preset--spacing--base);padding-bottom:var(--wp--preset--spacing--plus-1);padding-left:var(--wp--preset--spacing--base)\">\n<figure class=\"wp-block-image aligncenter size-large has-custom-border\"><img loading=\"lazy\" decoding=\"async\" width=\"90\" height=\"90\" src=\"https:\/\/www.lareferencepierre.fr\/accueil\/wp-content\/uploads\/secteurs-immobiliers-outline.svg\" alt=\"\" class=\"wp-image-5554\" style=\"border-top-style:none;border-top-width:0px;border-right-style:none;border-right-width:0px;border-bottom-color:var(--wp--preset--color--white);border-bottom-width:30px;border-left-style:none;border-left-width:0px\"\/><\/figure>\n\n\n\n<p class=\"has-text-align-center has-secondary-90-color has-text-color\"><strong>Une offre diversifi\u00e9e<\/strong><\/p>\n\n\n\n<ul class=\"wp-block-list has-secondary-90-color has-text-color has-link-color has-small-font-size wp-elements-17ff7be116792d94152612844734cf3b\">\n<li>Une gamme de produits exclusifs \u00e0 des conditions commerciales in\u00e9dites<\/li>\n\n\n\n<li>Une offre de revente en LMNP sous bail commercial<\/li>\n\n\n\n<li>Une offre d\u2019investissement dans l\u2019ancien r\u00e9nov\u00e9<\/li>\n<\/ul>\n<\/div>\n\n\n\n<div class=\"wp-block-group swiper-slide has-white-background-color has-background has-global-padding is-content-justification-center is-layout-constrained wp-container-core-group-is-layout-25 wp-block-group-is-layout-constrained\" style=\"padding-top:var(--wp--preset--spacing--plus-1);padding-right:var(--wp--preset--spacing--base);padding-bottom:var(--wp--preset--spacing--plus-1);padding-left:var(--wp--preset--spacing--base)\">\n<figure class=\"wp-block-image aligncenter size-large has-custom-border\"><img loading=\"lazy\" decoding=\"async\" width=\"91\" height=\"90\" src=\"https:\/\/www.lareferencepierre.fr\/accueil\/wp-content\/uploads\/services-outline.svg\" alt=\"\" class=\"wp-image-5555\" style=\"border-top-style:none;border-top-width:0px;border-right-style:none;border-right-width:0px;border-bottom-color:var(--wp--preset--color--white);border-bottom-width:30px;border-left-style:none;border-left-width:0px\"\/><\/figure>\n\n\n\n<p class=\"has-text-align-center has-secondary-90-color has-text-color\"><strong>Des services pour d\u00e9velopper votre business<\/strong><\/p>\n\n\n\n<ul class=\"wp-block-list has-secondary-90-color has-text-color has-link-color has-small-font-size wp-elements-751366f3476e27a5b81ff6747ace7692\">\n<li>Un espace client privil\u00e9gi\u00e9<\/li>\n\n\n\n<li>LRP Campus<\/li>\n\n\n\n<li>R\u00e9unions investisseurs<\/li>\n\n\n\n<li>\u00c9tudes de march\u00e9&nbsp;<\/li>\n\n\n\n<li>Marketing personnalis\u00e9<\/li>\n<\/ul>\n<\/div>\n\n<\/div>\n    <!-- <div class=\"swiper-pagination\"><\/div> -->\n            <div class=\"pagination-container\">\n            <div class=\"swiper-button-prev\"><\/div>\n            <div class=\"swiper-button-next\"><\/div>\n        <\/div>\n    <\/div>\n\n\n\n<div class=\"wp-block-buttons is-content-justification-center is-layout-flex wp-container-core-buttons-is-layout-8 wp-block-buttons-is-layout-flex\">\n<div class=\"wp-block-button \"><a class=\"wp-block-button__link wp-element-button\" href=\"https:\/\/www.lareferencepierre.fr\/accueil\/devenir-partenaire\/\">Devenir partenaire<\/a><\/div>\n<\/div>\n<\/div>\n<\/div>\n\n\n\n<div class=\"wp-block-group has-white-background-color has-background has-global-padding is-layout-constrained wp-container-core-group-is-layout-29 wp-block-group-is-layout-constrained\" style=\"padding-top:var(--wp--preset--spacing--plus-2);padding-bottom:var(--wp--preset--spacing--plus-2)\">\n<div class=\"wp-block-group is-content-justification-space-between is-layout-flex wp-container-core-group-is-layout-28 wp-block-group-is-layout-flex\">\n<h2 class=\"wp-block-heading has-secondary-90-color has-text-color has-link-color wp-elements-f38592a229397c6606b497f9a28f542d\">Explorez nos <mark style=\"background-color:#00a7ab\" class=\"has-inline-color\">programmes<\/mark><\/h2>\n\n\n\n<div class=\"wp-block-buttons is-layout-flex wp-block-buttons-is-layout-flex\">\n<div class=\"wp-block-button \"><a class=\"wp-block-button__link wp-element-button\" href=\"\/accueil\/programmes\">Consultez tous nos programmes<\/a><\/div>\n<\/div>\n<\/div>\n\n\n\n<div  class=\"swiper swiper-post imcr-post-slider archive post-type-archive-programmes swiper-loop swiper-autoplay swiper-3-items\" data-slides-per-view=\"3\">\n    <div class=\"swiper-wrapper\">\n                <div class=\"wp-block-post swiper-slide wp-block-post-template\">\n                \n                <figure class=\"wp-block-post-featured-image\">\n                    <a href=\"https:\/\/www.lareferencepierre.fr\/accueil\/programmes\/symone-porte-de-deauville\/\" target=\"_blank\">\n                        <img src=\"https:\/\/www.lareferencepierre.fr\/intranet\/photos\/residences\/resnum_25760.jpg\"\n                            class=\"attachment-post-thumbnail size-post-thumbnail wp-post-image\"\n                            alt=\"SYMONE Porte de Deauville\" decoding=\"async\" loading=\"lazy\">\n                    <\/a>\n                <\/figure>\n\n                <div class=\"wp-block-group has-global-padding is-layout-constrained wp-block-group-is-layout-constrained\"\n                    style=\"margin-top:0;margin-bottom:0;padding-top:0;padding-right:var(--wp--preset--spacing--minus-2);padding-bottom:0;padding-left:var(--wp--preset--spacing--minus-2)\">\n\n                                            <div style=\"font-style:normal;font-weight:500;padding:0;margin:0;\"\n                            class=\"is-acf-field acf-loi_nom has-text-color has-white-color has-background has-secondary-90-background-color has-small-font-size\">\n                            <div class=\"value\">Loueur en meubl\u00e9<\/div>\n                        <\/div>\n                    \n                    <!-- Nom + Ville + Prix -->\n                    <div class=\"wp-block-group is-content-justification-space-between is-nowrap is-layout-flex wp-block-group-is-layout-flex\"\n                        style=\"border-bottom-color:var(--wp--preset--color--secondary-30);border-bottom-width:1px;padding-top:var(--wp--preset--spacing--minus-2);padding-bottom:var(--wp--preset--spacing--minus-2)\">\n                        <div class=\"wp-block-group is-vertical is-layout-flex wp-block-group-is-layout-flex\">\n                            <h3 class=\"has-link-color wp-block-post-title\">\n                                <a href=\"https:\/\/www.lareferencepierre.fr\/accueil\/programmes\/symone-porte-de-deauville\/\">SYMONE Porte de Deauville<\/a>\n                            <\/h3>\n                                                            <div class=\"wp-block-group icone-location-marker is-nowrap is-layout-flex wp-block-group-is-layout-flex\">\n                                    <div class=\"is-acf-field acf-com_nom\">\n                                        <div class=\"value\">TOUQUES<\/div>\n                                    <\/div>\n                                    <div class=\"is-acf-field acf-com_code_postal\">\n                                        <div class=\"value\">(14)<\/div>\n                                    <\/div>\n                                <\/div>\n                                                    <\/div>\n                        <div class=\"wp-block-group is-vertical is-layout-flex wp-block-group-is-layout-flex\">\n                                                            <div class=\"is-acf-field is-display-block acf-prix_minimum\">\n                                    <div class=\"prefix\">A Partir de<\/div>\n                                    <div class=\"value\">113 600 \u20ac<\/div>\n                                <\/div>\n                                                    <\/div>\n                    <\/div>\n\n                    <!-- Rendement + Type de r\u00e9sidence -->\n                    <div class=\"wp-block-group is-content-justification-space-between is-nowrap is-layout-flex wp-block-group-is-layout-flex\"\n                        style=\"padding-top:var(--wp--preset--spacing--minus-2);padding-bottom:var(--wp--preset--spacing--minus-2)\">\n                        <div class=\"wp-block-group is-vertical is-layout-flex wp-block-group-is-layout-flex\">\n                                                            <div class=\"is-acf-field is-display-block acf-res_rentabilite\">\n                                    <div class=\"prefix\">Rendement min.<\/div>\n                                    <div class=\"value\">4,30<\/div>\n                                <\/div>\n                                                    <\/div>\n                        <div class=\"wp-block-group is-vertical is-layout-flex wp-block-group-is-layout-flex\">\n                                                            <div class=\"is-acf-field acf-res_type\">\n                                                                            <div class=\"prefix\">Type de r\u00e9sidence<\/div>\n                                        <div class=\"value\">Plurielle<\/div>\n                                                                    <\/div>\n                                                    <\/div>\n                    <\/div>\n                <\/div>\n            <\/div>\n                <div class=\"wp-block-post swiper-slide wp-block-post-template\">\n                \n                <figure class=\"wp-block-post-featured-image\">\n                    <a href=\"https:\/\/www.lareferencepierre.fr\/accueil\/programmes\/sereine\/\" target=\"_blank\">\n                        <img src=\"https:\/\/www.lareferencepierre.fr\/intranet\/photos\/residences\/resnum_15748.jpg\"\n                            class=\"attachment-post-thumbnail size-post-thumbnail wp-post-image\"\n                            alt=\"Sereine\" decoding=\"async\" loading=\"lazy\">\n                    <\/a>\n                <\/figure>\n\n                <div class=\"wp-block-group has-global-padding is-layout-constrained wp-block-group-is-layout-constrained\"\n                    style=\"margin-top:0;margin-bottom:0;padding-top:0;padding-right:var(--wp--preset--spacing--minus-2);padding-bottom:0;padding-left:var(--wp--preset--spacing--minus-2)\">\n\n                                            <div style=\"font-style:normal;font-weight:500;padding:0;margin:0;\"\n                            class=\"is-acf-field acf-loi_nom has-text-color has-white-color has-background has-secondary-90-background-color has-small-font-size\">\n                            <div class=\"value\">Loueur en meubl\u00e9<\/div>\n                        <\/div>\n                    \n                    <!-- Nom + Ville + Prix -->\n                    <div class=\"wp-block-group is-content-justification-space-between is-nowrap is-layout-flex wp-block-group-is-layout-flex\"\n                        style=\"border-bottom-color:var(--wp--preset--color--secondary-30);border-bottom-width:1px;padding-top:var(--wp--preset--spacing--minus-2);padding-bottom:var(--wp--preset--spacing--minus-2)\">\n                        <div class=\"wp-block-group is-vertical is-layout-flex wp-block-group-is-layout-flex\">\n                            <h3 class=\"has-link-color wp-block-post-title\">\n                                <a href=\"https:\/\/www.lareferencepierre.fr\/accueil\/programmes\/sereine\/\">Sereine<\/a>\n                            <\/h3>\n                                                            <div class=\"wp-block-group icone-location-marker is-nowrap is-layout-flex wp-block-group-is-layout-flex\">\n                                    <div class=\"is-acf-field acf-com_nom\">\n                                        <div class=\"value\">BREST<\/div>\n                                    <\/div>\n                                    <div class=\"is-acf-field acf-com_code_postal\">\n                                        <div class=\"value\">(29)<\/div>\n                                    <\/div>\n                                <\/div>\n                                                    <\/div>\n                        <div class=\"wp-block-group is-vertical is-layout-flex wp-block-group-is-layout-flex\">\n                                                            <div class=\"is-acf-field is-display-block acf-prix_minimum\">\n                                    <div class=\"prefix\">A Partir de<\/div>\n                                    <div class=\"value\">202 206 \u20ac<\/div>\n                                <\/div>\n                                                    <\/div>\n                    <\/div>\n\n                    <!-- Rendement + Type de r\u00e9sidence -->\n                    <div class=\"wp-block-group is-content-justification-space-between is-nowrap is-layout-flex wp-block-group-is-layout-flex\"\n                        style=\"padding-top:var(--wp--preset--spacing--minus-2);padding-bottom:var(--wp--preset--spacing--minus-2)\">\n                        <div class=\"wp-block-group is-vertical is-layout-flex wp-block-group-is-layout-flex\">\n                                                            <div class=\"is-acf-field is-display-block acf-res_rentabilite\">\n                                    <div class=\"prefix\">Rendement min.<\/div>\n                                    <div class=\"value\">4,00<\/div>\n                                <\/div>\n                                                    <\/div>\n                        <div class=\"wp-block-group is-vertical is-layout-flex wp-block-group-is-layout-flex\">\n                                                            <div class=\"is-acf-field acf-res_type\">\n                                                                            <div class=\"prefix\">Type de r\u00e9sidence<\/div>\n                                        <div class=\"value\">S\u00e9nior<\/div>\n                                                                    <\/div>\n                                                    <\/div>\n                    <\/div>\n                <\/div>\n            <\/div>\n                <div class=\"wp-block-post swiper-slide wp-block-post-template\">\n                \n                <figure class=\"wp-block-post-featured-image\">\n                    <a href=\"https:\/\/www.lareferencepierre.fr\/accueil\/programmes\/les-hesperides-de-courbevoie\/\" target=\"_blank\">\n                        <img src=\"https:\/\/www.lareferencepierre.fr\/intranet\/photos\/residences\/resnum_26451.jpg\"\n                            class=\"attachment-post-thumbnail size-post-thumbnail wp-post-image\"\n                            alt=\"Les Hesp\u00e9rides de Courbevoie\" decoding=\"async\" loading=\"lazy\">\n                    <\/a>\n                <\/figure>\n\n                <div class=\"wp-block-group has-global-padding is-layout-constrained wp-block-group-is-layout-constrained\"\n                    style=\"margin-top:0;margin-bottom:0;padding-top:0;padding-right:var(--wp--preset--spacing--minus-2);padding-bottom:0;padding-left:var(--wp--preset--spacing--minus-2)\">\n\n                                            <div style=\"font-style:normal;font-weight:500;padding:0;margin:0;\"\n                            class=\"is-acf-field acf-loi_nom has-text-color has-white-color has-background has-secondary-90-background-color has-small-font-size\">\n                            <div class=\"value\">Loueur en meubl\u00e9<\/div>\n                        <\/div>\n                    \n                    <!-- Nom + Ville + Prix -->\n                    <div class=\"wp-block-group is-content-justification-space-between is-nowrap is-layout-flex wp-block-group-is-layout-flex\"\n                        style=\"border-bottom-color:var(--wp--preset--color--secondary-30);border-bottom-width:1px;padding-top:var(--wp--preset--spacing--minus-2);padding-bottom:var(--wp--preset--spacing--minus-2)\">\n                        <div class=\"wp-block-group is-vertical is-layout-flex wp-block-group-is-layout-flex\">\n                            <h3 class=\"has-link-color wp-block-post-title\">\n                                <a href=\"https:\/\/www.lareferencepierre.fr\/accueil\/programmes\/les-hesperides-de-courbevoie\/\">Les Hesp\u00e9rides de Courbevoie<\/a>\n                            <\/h3>\n                                                            <div class=\"wp-block-group icone-location-marker is-nowrap is-layout-flex wp-block-group-is-layout-flex\">\n                                    <div class=\"is-acf-field acf-com_nom\">\n                                        <div class=\"value\">COURBEVOIE<\/div>\n                                    <\/div>\n                                    <div class=\"is-acf-field acf-com_code_postal\">\n                                        <div class=\"value\">(92)<\/div>\n                                    <\/div>\n                                <\/div>\n                                                    <\/div>\n                        <div class=\"wp-block-group is-vertical is-layout-flex wp-block-group-is-layout-flex\">\n                                                            <div class=\"is-acf-field is-display-block acf-prix_minimum\">\n                                    <div class=\"prefix\">A Partir de<\/div>\n                                    <div class=\"value\">326 100 \u20ac<\/div>\n                                <\/div>\n                                                    <\/div>\n                    <\/div>\n\n                    <!-- Rendement + Type de r\u00e9sidence -->\n                    <div class=\"wp-block-group is-content-justification-space-between is-nowrap is-layout-flex wp-block-group-is-layout-flex\"\n                        style=\"padding-top:var(--wp--preset--spacing--minus-2);padding-bottom:var(--wp--preset--spacing--minus-2)\">\n                        <div class=\"wp-block-group is-vertical is-layout-flex wp-block-group-is-layout-flex\">\n                                                            <div class=\"is-acf-field is-display-block acf-res_rentabilite\">\n                                    <div class=\"prefix\">Rendement min.<\/div>\n                                    <div class=\"value\">4,50<\/div>\n                                <\/div>\n                                                    <\/div>\n                        <div class=\"wp-block-group is-vertical is-layout-flex wp-block-group-is-layout-flex\">\n                                                            <div class=\"is-acf-field acf-res_type\">\n                                                                            <div class=\"prefix\">Type de r\u00e9sidence<\/div>\n                                        <div class=\"value\">S\u00e9nior<\/div>\n                                                                    <\/div>\n                                                    <\/div>\n                    <\/div>\n                <\/div>\n            <\/div>\n                <div class=\"wp-block-post swiper-slide wp-block-post-template\">\n                \n                <figure class=\"wp-block-post-featured-image\">\n                    <a href=\"https:\/\/www.lareferencepierre.fr\/accueil\/programmes\/cours-saint-louis\/\" target=\"_blank\">\n                        <img src=\"https:\/\/www.lareferencepierre.fr\/intranet\/photos\/residences\/resnum_26477.jpg\"\n                            class=\"attachment-post-thumbnail size-post-thumbnail wp-post-image\"\n                            alt=\"Cours Saint Louis\" decoding=\"async\" loading=\"lazy\">\n                    <\/a>\n                <\/figure>\n\n                <div class=\"wp-block-group has-global-padding is-layout-constrained wp-block-group-is-layout-constrained\"\n                    style=\"margin-top:0;margin-bottom:0;padding-top:0;padding-right:var(--wp--preset--spacing--minus-2);padding-bottom:0;padding-left:var(--wp--preset--spacing--minus-2)\">\n\n                                            <div style=\"font-style:normal;font-weight:500;padding:0;margin:0;\"\n                            class=\"is-acf-field acf-loi_nom has-text-color has-white-color has-background has-secondary-90-background-color has-small-font-size\">\n                            <div class=\"value\">Loueur en meubl\u00e9<\/div>\n                        <\/div>\n                    \n                    <!-- Nom + Ville + Prix -->\n                    <div class=\"wp-block-group is-content-justification-space-between is-nowrap is-layout-flex wp-block-group-is-layout-flex\"\n                        style=\"border-bottom-color:var(--wp--preset--color--secondary-30);border-bottom-width:1px;padding-top:var(--wp--preset--spacing--minus-2);padding-bottom:var(--wp--preset--spacing--minus-2)\">\n                        <div class=\"wp-block-group is-vertical is-layout-flex wp-block-group-is-layout-flex\">\n                            <h3 class=\"has-link-color wp-block-post-title\">\n                                <a href=\"https:\/\/www.lareferencepierre.fr\/accueil\/programmes\/cours-saint-louis\/\">Cours Saint Louis<\/a>\n                            <\/h3>\n                                                            <div class=\"wp-block-group icone-location-marker is-nowrap is-layout-flex wp-block-group-is-layout-flex\">\n                                    <div class=\"is-acf-field acf-com_nom\">\n                                        <div class=\"value\">BORDEAUX<\/div>\n                                    <\/div>\n                                    <div class=\"is-acf-field acf-com_code_postal\">\n                                        <div class=\"value\">(33)<\/div>\n                                    <\/div>\n                                <\/div>\n                                                    <\/div>\n                        <div class=\"wp-block-group is-vertical is-layout-flex wp-block-group-is-layout-flex\">\n                                                            <div class=\"is-acf-field is-display-block acf-prix_minimum\">\n                                    <div class=\"prefix\">A Partir de<\/div>\n                                    <div class=\"value\">112 500 \u20ac<\/div>\n                                <\/div>\n                                                    <\/div>\n                    <\/div>\n\n                    <!-- Rendement + Type de r\u00e9sidence -->\n                    <div class=\"wp-block-group is-content-justification-space-between is-nowrap is-layout-flex wp-block-group-is-layout-flex\"\n                        style=\"padding-top:var(--wp--preset--spacing--minus-2);padding-bottom:var(--wp--preset--spacing--minus-2)\">\n                        <div class=\"wp-block-group is-vertical is-layout-flex wp-block-group-is-layout-flex\">\n                                                            <div class=\"is-acf-field is-display-block acf-res_rentabilite\">\n                                    <div class=\"prefix\">Rendement min.<\/div>\n                                    <div class=\"value\">5,30<\/div>\n                                <\/div>\n                                                    <\/div>\n                        <div class=\"wp-block-group is-vertical is-layout-flex wp-block-group-is-layout-flex\">\n                                                            <div class=\"is-acf-field acf-res_type\">\n                                                                            <div class=\"prefix\">Type de r\u00e9sidence<\/div>\n                                        <div class=\"value\">Plurielle<\/div>\n                                                                    <\/div>\n                                                    <\/div>\n                    <\/div>\n                <\/div>\n            <\/div>\n                <div class=\"wp-block-post swiper-slide wp-block-post-template\">\n                \n                <figure class=\"wp-block-post-featured-image\">\n                    <a href=\"https:\/\/www.lareferencepierre.fr\/accueil\/programmes\/citadines-colmar-republique\/\" target=\"_blank\">\n                        <img src=\"https:\/\/www.lareferencepierre.fr\/intranet\/photos\/residences\/resnum_26277.jpg\"\n                            class=\"attachment-post-thumbnail size-post-thumbnail wp-post-image\"\n                            alt=\"Citadines Colmar R\u00e9publique\" decoding=\"async\" loading=\"lazy\">\n                    <\/a>\n                <\/figure>\n\n                <div class=\"wp-block-group has-global-padding is-layout-constrained wp-block-group-is-layout-constrained\"\n                    style=\"margin-top:0;margin-bottom:0;padding-top:0;padding-right:var(--wp--preset--spacing--minus-2);padding-bottom:0;padding-left:var(--wp--preset--spacing--minus-2)\">\n\n                                            <div style=\"font-style:normal;font-weight:500;padding:0;margin:0;\"\n                            class=\"is-acf-field acf-loi_nom has-text-color has-white-color has-background has-secondary-90-background-color has-small-font-size\">\n                            <div class=\"value\">Loueur en meubl\u00e9<\/div>\n                        <\/div>\n                    \n                    <!-- Nom + Ville + Prix -->\n                    <div class=\"wp-block-group is-content-justification-space-between is-nowrap is-layout-flex wp-block-group-is-layout-flex\"\n                        style=\"border-bottom-color:var(--wp--preset--color--secondary-30);border-bottom-width:1px;padding-top:var(--wp--preset--spacing--minus-2);padding-bottom:var(--wp--preset--spacing--minus-2)\">\n                        <div class=\"wp-block-group is-vertical is-layout-flex wp-block-group-is-layout-flex\">\n                            <h3 class=\"has-link-color wp-block-post-title\">\n                                <a href=\"https:\/\/www.lareferencepierre.fr\/accueil\/programmes\/citadines-colmar-republique\/\">Citadines Colmar R\u00e9publique<\/a>\n                            <\/h3>\n                                                            <div class=\"wp-block-group icone-location-marker is-nowrap is-layout-flex wp-block-group-is-layout-flex\">\n                                    <div class=\"is-acf-field acf-com_nom\">\n                                        <div class=\"value\">COLMAR<\/div>\n                                    <\/div>\n                                    <div class=\"is-acf-field acf-com_code_postal\">\n                                        <div class=\"value\">(68)<\/div>\n                                    <\/div>\n                                <\/div>\n                                                    <\/div>\n                        <div class=\"wp-block-group is-vertical is-layout-flex wp-block-group-is-layout-flex\">\n                                                            <div class=\"is-acf-field is-display-block acf-prix_minimum\">\n                                    <div class=\"prefix\">A Partir de<\/div>\n                                    <div class=\"value\">137 000 \u20ac<\/div>\n                                <\/div>\n                                                    <\/div>\n                    <\/div>\n\n                    <!-- Rendement + Type de r\u00e9sidence -->\n                    <div class=\"wp-block-group is-content-justification-space-between is-nowrap is-layout-flex wp-block-group-is-layout-flex\"\n                        style=\"padding-top:var(--wp--preset--spacing--minus-2);padding-bottom:var(--wp--preset--spacing--minus-2)\">\n                        <div class=\"wp-block-group is-vertical is-layout-flex wp-block-group-is-layout-flex\">\n                                                            <div class=\"is-acf-field is-display-block acf-res_rentabilite\">\n                                    <div class=\"prefix\">Rendement min.<\/div>\n                                    <div class=\"value\">4,40<\/div>\n                                <\/div>\n                                                    <\/div>\n                        <div class=\"wp-block-group is-vertical is-layout-flex wp-block-group-is-layout-flex\">\n                                                            <div class=\"is-acf-field acf-res_type\">\n                                                                            <div class=\"prefix\">Type de r\u00e9sidence<\/div>\n                                        <div class=\"value\">Tourisme<\/div>\n                                                                    <\/div>\n                                                    <\/div>\n                    <\/div>\n                <\/div>\n            <\/div>\n                <div class=\"wp-block-post swiper-slide wp-block-post-template\">\n                \n                <figure class=\"wp-block-post-featured-image\">\n                    <a href=\"https:\/\/www.lareferencepierre.fr\/com\/fiche-produit\/?type=lmnpancien&#038;code_residence=25996\" target=\"_blank\">\n                        <img src=\"https:\/\/www.lareferencepierre.fr\/intranet\/photos\/residences\/resnum_25996.jpg\"\n                            class=\"attachment-post-thumbnail size-post-thumbnail wp-post-image\"\n                            alt=\"VOLTAIRE PALACE\" decoding=\"async\" loading=\"lazy\">\n                    <\/a>\n                <\/figure>\n\n                <div class=\"wp-block-group has-global-padding is-layout-constrained wp-block-group-is-layout-constrained\"\n                    style=\"margin-top:0;margin-bottom:0;padding-top:0;padding-right:var(--wp--preset--spacing--minus-2);padding-bottom:0;padding-left:var(--wp--preset--spacing--minus-2)\">\n\n                                            <div style=\"font-style:normal;font-weight:500;padding:0;margin:0;\"\n                            class=\"is-acf-field acf-loi_nom has-text-color has-white-color has-background has-secondary-90-background-color has-small-font-size\">\n                            <div class=\"value\">Loueur en meubl\u00e9<\/div>\n                        <\/div>\n                    \n                    <!-- Nom + Ville + Prix -->\n                    <div class=\"wp-block-group is-content-justification-space-between is-nowrap is-layout-flex wp-block-group-is-layout-flex\"\n                        style=\"border-bottom-color:var(--wp--preset--color--secondary-30);border-bottom-width:1px;padding-top:var(--wp--preset--spacing--minus-2);padding-bottom:var(--wp--preset--spacing--minus-2)\">\n                        <div class=\"wp-block-group is-vertical is-layout-flex wp-block-group-is-layout-flex\">\n                            <h3 class=\"has-link-color wp-block-post-title\">\n                                <a href=\"https:\/\/www.lareferencepierre.fr\/com\/fiche-produit\/?type=lmnpancien&#038;code_residence=25996\">VOLTAIRE PALACE<\/a>\n                            <\/h3>\n                                                            <div class=\"wp-block-group icone-location-marker is-nowrap is-layout-flex wp-block-group-is-layout-flex\">\n                                    <div class=\"is-acf-field acf-com_nom\">\n                                        <div class=\"value\">FERNEY VOLTAIRE<\/div>\n                                    <\/div>\n                                    <div class=\"is-acf-field acf-com_code_postal\">\n                                        <div class=\"value\">(01)<\/div>\n                                    <\/div>\n                                <\/div>\n                                                    <\/div>\n                        <div class=\"wp-block-group is-vertical is-layout-flex wp-block-group-is-layout-flex\">\n                                                            <div class=\"is-acf-field is-display-block acf-prix_minimum\">\n                                    <div class=\"prefix\">A Partir de<\/div>\n                                    <div class=\"value\">94 188 \u20ac<\/div>\n                                <\/div>\n                                                    <\/div>\n                    <\/div>\n\n                    <!-- Rendement + Type de r\u00e9sidence -->\n                    <div class=\"wp-block-group is-content-justification-space-between is-nowrap is-layout-flex wp-block-group-is-layout-flex\"\n                        style=\"padding-top:var(--wp--preset--spacing--minus-2);padding-bottom:var(--wp--preset--spacing--minus-2)\">\n                        <div class=\"wp-block-group is-vertical is-layout-flex wp-block-group-is-layout-flex\">\n                                                            <div class=\"is-acf-field is-display-block acf-res_rentabilite\">\n                                    <div class=\"prefix\">Rendement min.<\/div>\n                                    <div class=\"value\">5.1<\/div>\n                                <\/div>\n                                                    <\/div>\n                        <div class=\"wp-block-group is-vertical is-layout-flex wp-block-group-is-layout-flex\">\n                                                            <div class=\"is-acf-field acf-res_type\">\n                                                                            <div class=\"prefix\">Type de r\u00e9sidence<\/div>\n                                        <div class=\"value\">Tourisme<\/div>\n                                                                    <\/div>\n                                                    <\/div>\n                    <\/div>\n                <\/div>\n            <\/div>\n                <div class=\"wp-block-post swiper-slide wp-block-post-template\">\n                \n                <figure class=\"wp-block-post-featured-image\">\n                    <a href=\"https:\/\/www.lareferencepierre.fr\/accueil\/programmes\/villa-printemps\/\" target=\"_blank\">\n                        <img src=\"https:\/\/www.lareferencepierre.fr\/intranet\/photos\/residences\/resnum_26164.jpg\"\n                            class=\"attachment-post-thumbnail size-post-thumbnail wp-post-image\"\n                            alt=\"Villa Printemps\" decoding=\"async\" loading=\"lazy\">\n                    <\/a>\n                <\/figure>\n\n                <div class=\"wp-block-group has-global-padding is-layout-constrained wp-block-group-is-layout-constrained\"\n                    style=\"margin-top:0;margin-bottom:0;padding-top:0;padding-right:var(--wp--preset--spacing--minus-2);padding-bottom:0;padding-left:var(--wp--preset--spacing--minus-2)\">\n\n                                            <div style=\"font-style:normal;font-weight:500;padding:0;margin:0;\"\n                            class=\"is-acf-field acf-loi_nom has-text-color has-white-color has-background has-secondary-90-background-color has-small-font-size\">\n                            <div class=\"value\">Investissement libre, R\u00e9sidence principale \/ R\u00e9sidence secondaire<\/div>\n                        <\/div>\n                    \n                    <!-- Nom + Ville + Prix -->\n                    <div class=\"wp-block-group is-content-justification-space-between is-nowrap is-layout-flex wp-block-group-is-layout-flex\"\n                        style=\"border-bottom-color:var(--wp--preset--color--secondary-30);border-bottom-width:1px;padding-top:var(--wp--preset--spacing--minus-2);padding-bottom:var(--wp--preset--spacing--minus-2)\">\n                        <div class=\"wp-block-group is-vertical is-layout-flex wp-block-group-is-layout-flex\">\n                            <h3 class=\"has-link-color wp-block-post-title\">\n                                <a href=\"https:\/\/www.lareferencepierre.fr\/accueil\/programmes\/villa-printemps\/\">Villa Printemps<\/a>\n                            <\/h3>\n                                                            <div class=\"wp-block-group icone-location-marker is-nowrap is-layout-flex wp-block-group-is-layout-flex\">\n                                    <div class=\"is-acf-field acf-com_nom\">\n                                        <div class=\"value\">CALVI<\/div>\n                                    <\/div>\n                                    <div class=\"is-acf-field acf-com_code_postal\">\n                                        <div class=\"value\">(2B)<\/div>\n                                    <\/div>\n                                <\/div>\n                                                    <\/div>\n                        <div class=\"wp-block-group is-vertical is-layout-flex wp-block-group-is-layout-flex\">\n                                                            <div class=\"is-acf-field is-display-block acf-prix_minimum\">\n                                    <div class=\"prefix\">A Partir de<\/div>\n                                    <div class=\"value\">248 442 \u20ac<\/div>\n                                <\/div>\n                                                    <\/div>\n                    <\/div>\n\n                    <!-- Rendement + Type de r\u00e9sidence -->\n                    <div class=\"wp-block-group is-content-justification-space-between is-nowrap is-layout-flex wp-block-group-is-layout-flex\"\n                        style=\"padding-top:var(--wp--preset--spacing--minus-2);padding-bottom:var(--wp--preset--spacing--minus-2)\">\n                        <div class=\"wp-block-group is-vertical is-layout-flex wp-block-group-is-layout-flex\">\n                                                            <div class=\"is-acf-field is-display-block acf-res_rentabilite\">\n                                    <div class=\"prefix\">Rendement min.<\/div>\n                                    <div class=\"value\">N\/A<\/div>\n                                <\/div>\n                                                    <\/div>\n                        <div class=\"wp-block-group is-vertical is-layout-flex wp-block-group-is-layout-flex\">\n                                                            <div class=\"is-acf-field acf-res_type\">\n                                                                            <div class=\"prefix\">Type de r\u00e9sidence<\/div>\n                                        <div class=\"value\">Classique<\/div>\n                                                                    <\/div>\n                                                    <\/div>\n                    <\/div>\n                <\/div>\n            <\/div>\n                <div class=\"wp-block-post swiper-slide wp-block-post-template\">\n                \n                <figure class=\"wp-block-post-featured-image\">\n                    <a href=\"https:\/\/www.lareferencepierre.fr\/accueil\/programmes\/villa-muralis\/\" target=\"_blank\">\n                        <img src=\"https:\/\/www.lareferencepierre.fr\/intranet\/photos\/residences\/resnum_9503.jpg\"\n                            class=\"attachment-post-thumbnail size-post-thumbnail wp-post-image\"\n                            alt=\"Villa Muralis\" decoding=\"async\" loading=\"lazy\">\n                    <\/a>\n                <\/figure>\n\n                <div class=\"wp-block-group has-global-padding is-layout-constrained wp-block-group-is-layout-constrained\"\n                    style=\"margin-top:0;margin-bottom:0;padding-top:0;padding-right:var(--wp--preset--spacing--minus-2);padding-bottom:0;padding-left:var(--wp--preset--spacing--minus-2)\">\n\n                                            <div style=\"font-style:normal;font-weight:500;padding:0;margin:0;\"\n                            class=\"is-acf-field acf-loi_nom has-text-color has-white-color has-background has-secondary-90-background-color has-small-font-size\">\n                            <div class=\"value\">Investissement libre, R\u00e9sidence principale \/ R\u00e9sidence secondaire<\/div>\n                        <\/div>\n                    \n                    <!-- Nom + Ville + Prix -->\n                    <div class=\"wp-block-group is-content-justification-space-between is-nowrap is-layout-flex wp-block-group-is-layout-flex\"\n                        style=\"border-bottom-color:var(--wp--preset--color--secondary-30);border-bottom-width:1px;padding-top:var(--wp--preset--spacing--minus-2);padding-bottom:var(--wp--preset--spacing--minus-2)\">\n                        <div class=\"wp-block-group is-vertical is-layout-flex wp-block-group-is-layout-flex\">\n                            <h3 class=\"has-link-color wp-block-post-title\">\n                                <a href=\"https:\/\/www.lareferencepierre.fr\/accueil\/programmes\/villa-muralis\/\">Villa Muralis<\/a>\n                            <\/h3>\n                                                            <div class=\"wp-block-group icone-location-marker is-nowrap is-layout-flex wp-block-group-is-layout-flex\">\n                                    <div class=\"is-acf-field acf-com_nom\">\n                                        <div class=\"value\">TRAPPES<\/div>\n                                    <\/div>\n                                    <div class=\"is-acf-field acf-com_code_postal\">\n                                        <div class=\"value\">(78)<\/div>\n                                    <\/div>\n                                <\/div>\n                                                    <\/div>\n                        <div class=\"wp-block-group is-vertical is-layout-flex wp-block-group-is-layout-flex\">\n                                                            <div class=\"is-acf-field is-display-block acf-prix_minimum\">\n                                    <div class=\"prefix\">A Partir de<\/div>\n                                    <div class=\"value\">134 737 \u20ac<\/div>\n                                <\/div>\n                                                    <\/div>\n                    <\/div>\n\n                    <!-- Rendement + Type de r\u00e9sidence -->\n                    <div class=\"wp-block-group is-content-justification-space-between is-nowrap is-layout-flex wp-block-group-is-layout-flex\"\n                        style=\"padding-top:var(--wp--preset--spacing--minus-2);padding-bottom:var(--wp--preset--spacing--minus-2)\">\n                        <div class=\"wp-block-group is-vertical is-layout-flex wp-block-group-is-layout-flex\">\n                                                            <div class=\"is-acf-field is-display-block acf-res_rentabilite\">\n                                    <div class=\"prefix\">Rendement min.<\/div>\n                                    <div class=\"value\">jusqu&#039;\u00e0 3,90<\/div>\n                                <\/div>\n                                                    <\/div>\n                        <div class=\"wp-block-group is-vertical is-layout-flex wp-block-group-is-layout-flex\">\n                                                            <div class=\"is-acf-field acf-res_type\">\n                                                                            <div class=\"prefix\">Type de r\u00e9sidence<\/div>\n                                        <div class=\"value\">Classique<\/div>\n                                                                    <\/div>\n                                                    <\/div>\n                    <\/div>\n                <\/div>\n            <\/div>\n                <div class=\"wp-block-post swiper-slide wp-block-post-template\">\n                \n                <figure class=\"wp-block-post-featured-image\">\n                    <a href=\"https:\/\/www.lareferencepierre.fr\/com\/fiche-produit\/?type=lmnpancien&#038;code_residence=25639\" target=\"_blank\">\n                        <img src=\"https:\/\/www.lareferencepierre.fr\/intranet\/photos\/residences\/resnum_25639.jpg\"\n                            class=\"attachment-post-thumbnail size-post-thumbnail wp-post-image\"\n                            alt=\"TOSCA BELLA\" decoding=\"async\" loading=\"lazy\">\n                    <\/a>\n                <\/figure>\n\n                <div class=\"wp-block-group has-global-padding is-layout-constrained wp-block-group-is-layout-constrained\"\n                    style=\"margin-top:0;margin-bottom:0;padding-top:0;padding-right:var(--wp--preset--spacing--minus-2);padding-bottom:0;padding-left:var(--wp--preset--spacing--minus-2)\">\n\n                                            <div style=\"font-style:normal;font-weight:500;padding:0;margin:0;\"\n                            class=\"is-acf-field acf-loi_nom has-text-color has-white-color has-background has-secondary-90-background-color has-small-font-size\">\n                            <div class=\"value\">Loueur en meubl\u00e9<\/div>\n                        <\/div>\n                    \n                    <!-- Nom + Ville + Prix -->\n                    <div class=\"wp-block-group is-content-justification-space-between is-nowrap is-layout-flex wp-block-group-is-layout-flex\"\n                        style=\"border-bottom-color:var(--wp--preset--color--secondary-30);border-bottom-width:1px;padding-top:var(--wp--preset--spacing--minus-2);padding-bottom:var(--wp--preset--spacing--minus-2)\">\n                        <div class=\"wp-block-group is-vertical is-layout-flex wp-block-group-is-layout-flex\">\n                            <h3 class=\"has-link-color wp-block-post-title\">\n                                <a href=\"https:\/\/www.lareferencepierre.fr\/com\/fiche-produit\/?type=lmnpancien&#038;code_residence=25639\">TOSCA BELLA<\/a>\n                            <\/h3>\n                                                            <div class=\"wp-block-group icone-location-marker is-nowrap is-layout-flex wp-block-group-is-layout-flex\">\n                                    <div class=\"is-acf-field acf-com_nom\">\n                                        <div class=\"value\">TOULOUSE<\/div>\n                                    <\/div>\n                                    <div class=\"is-acf-field acf-com_code_postal\">\n                                        <div class=\"value\">(31)<\/div>\n                                    <\/div>\n                                <\/div>\n                                                    <\/div>\n                        <div class=\"wp-block-group is-vertical is-layout-flex wp-block-group-is-layout-flex\">\n                                                            <div class=\"is-acf-field is-display-block acf-prix_minimum\">\n                                    <div class=\"prefix\">A Partir de<\/div>\n                                    <div class=\"value\">182 945 \u20ac<\/div>\n                                <\/div>\n                                                    <\/div>\n                    <\/div>\n\n                    <!-- Rendement + Type de r\u00e9sidence -->\n                    <div class=\"wp-block-group is-content-justification-space-between is-nowrap is-layout-flex wp-block-group-is-layout-flex\"\n                        style=\"padding-top:var(--wp--preset--spacing--minus-2);padding-bottom:var(--wp--preset--spacing--minus-2)\">\n                        <div class=\"wp-block-group is-vertical is-layout-flex wp-block-group-is-layout-flex\">\n                                                            <div class=\"is-acf-field is-display-block acf-res_rentabilite\">\n                                    <div class=\"prefix\">Rendement min.<\/div>\n                                    <div class=\"value\">3.65<\/div>\n                                <\/div>\n                                                    <\/div>\n                        <div class=\"wp-block-group is-vertical is-layout-flex wp-block-group-is-layout-flex\">\n                                                            <div class=\"is-acf-field acf-res_type\">\n                                                                            <div class=\"prefix\">Type de r\u00e9sidence<\/div>\n                                        <div class=\"value\">S\u00e9nior<\/div>\n                                                                    <\/div>\n                                                    <\/div>\n                    <\/div>\n                <\/div>\n            <\/div>\n                <div class=\"wp-block-post swiper-slide wp-block-post-template\">\n                \n                <figure class=\"wp-block-post-featured-image\">\n                    <a href=\"https:\/\/www.lareferencepierre.fr\/accueil\/programmes\/symone-by-adonis-roissy\/\" target=\"_blank\">\n                        <img src=\"https:\/\/www.lareferencepierre.fr\/intranet\/photos\/residences\/resnum_25712.jpg\"\n                            class=\"attachment-post-thumbnail size-post-thumbnail wp-post-image\"\n                            alt=\"Symone By Adonis Roissy\" decoding=\"async\" loading=\"lazy\">\n                    <\/a>\n                <\/figure>\n\n                <div class=\"wp-block-group has-global-padding is-layout-constrained wp-block-group-is-layout-constrained\"\n                    style=\"margin-top:0;margin-bottom:0;padding-top:0;padding-right:var(--wp--preset--spacing--minus-2);padding-bottom:0;padding-left:var(--wp--preset--spacing--minus-2)\">\n\n                                            <div style=\"font-style:normal;font-weight:500;padding:0;margin:0;\"\n                            class=\"is-acf-field acf-loi_nom has-text-color has-white-color has-background has-secondary-90-background-color has-small-font-size\">\n                            <div class=\"value\">Loueur en meubl\u00e9<\/div>\n                        <\/div>\n                    \n                    <!-- Nom + Ville + Prix -->\n                    <div class=\"wp-block-group is-content-justification-space-between is-nowrap is-layout-flex wp-block-group-is-layout-flex\"\n                        style=\"border-bottom-color:var(--wp--preset--color--secondary-30);border-bottom-width:1px;padding-top:var(--wp--preset--spacing--minus-2);padding-bottom:var(--wp--preset--spacing--minus-2)\">\n                        <div class=\"wp-block-group is-vertical is-layout-flex wp-block-group-is-layout-flex\">\n                            <h3 class=\"has-link-color wp-block-post-title\">\n                                <a href=\"https:\/\/www.lareferencepierre.fr\/accueil\/programmes\/symone-by-adonis-roissy\/\">Symone By Adonis Roissy<\/a>\n                            <\/h3>\n                                                            <div class=\"wp-block-group icone-location-marker is-nowrap is-layout-flex wp-block-group-is-layout-flex\">\n                                    <div class=\"is-acf-field acf-com_nom\">\n                                        <div class=\"value\">ROISSY EN FRANCE<\/div>\n                                    <\/div>\n                                    <div class=\"is-acf-field acf-com_code_postal\">\n                                        <div class=\"value\">(95)<\/div>\n                                    <\/div>\n                                <\/div>\n                                                    <\/div>\n                        <div class=\"wp-block-group is-vertical is-layout-flex wp-block-group-is-layout-flex\">\n                                                            <div class=\"is-acf-field is-display-block acf-prix_minimum\">\n                                    <div class=\"prefix\">A Partir de<\/div>\n                                    <div class=\"value\">109 486 \u20ac<\/div>\n                                <\/div>\n                                                    <\/div>\n                    <\/div>\n\n                    <!-- Rendement + Type de r\u00e9sidence -->\n                    <div class=\"wp-block-group is-content-justification-space-between is-nowrap is-layout-flex wp-block-group-is-layout-flex\"\n                        style=\"padding-top:var(--wp--preset--spacing--minus-2);padding-bottom:var(--wp--preset--spacing--minus-2)\">\n                        <div class=\"wp-block-group is-vertical is-layout-flex wp-block-group-is-layout-flex\">\n                                                            <div class=\"is-acf-field is-display-block acf-res_rentabilite\">\n                                    <div class=\"prefix\">Rendement min.<\/div>\n                                    <div class=\"value\">5,00<\/div>\n                                <\/div>\n                                                    <\/div>\n                        <div class=\"wp-block-group is-vertical is-layout-flex wp-block-group-is-layout-flex\">\n                                                            <div class=\"is-acf-field acf-res_type\">\n                                                                            <div class=\"prefix\">Type de r\u00e9sidence<\/div>\n                                        <div class=\"value\">Plurielle<\/div>\n                                                                    <\/div>\n                                                    <\/div>\n                    <\/div>\n                <\/div>\n            <\/div>\n                <div class=\"wp-block-post swiper-slide wp-block-post-template\">\n                \n                <figure class=\"wp-block-post-featured-image\">\n                    <a href=\"https:\/\/www.lareferencepierre.fr\/accueil\/programmes\/symone-by-adonis-nice-4\/\" target=\"_blank\">\n                        <img src=\"https:\/\/www.lareferencepierre.fr\/intranet\/photos\/residences\/resnum_25844.jpg\"\n                            class=\"attachment-post-thumbnail size-post-thumbnail wp-post-image\"\n                            alt=\"Symon(e) By Adonis Nice 4*\" decoding=\"async\" loading=\"lazy\">\n                    <\/a>\n                <\/figure>\n\n                <div class=\"wp-block-group has-global-padding is-layout-constrained wp-block-group-is-layout-constrained\"\n                    style=\"margin-top:0;margin-bottom:0;padding-top:0;padding-right:var(--wp--preset--spacing--minus-2);padding-bottom:0;padding-left:var(--wp--preset--spacing--minus-2)\">\n\n                                            <div style=\"font-style:normal;font-weight:500;padding:0;margin:0;\"\n                            class=\"is-acf-field acf-loi_nom has-text-color has-white-color has-background has-secondary-90-background-color has-small-font-size\">\n                            <div class=\"value\">Loueur en meubl\u00e9<\/div>\n                        <\/div>\n                    \n                    <!-- Nom + Ville + Prix -->\n                    <div class=\"wp-block-group is-content-justification-space-between is-nowrap is-layout-flex wp-block-group-is-layout-flex\"\n                        style=\"border-bottom-color:var(--wp--preset--color--secondary-30);border-bottom-width:1px;padding-top:var(--wp--preset--spacing--minus-2);padding-bottom:var(--wp--preset--spacing--minus-2)\">\n                        <div class=\"wp-block-group is-vertical is-layout-flex wp-block-group-is-layout-flex\">\n                            <h3 class=\"has-link-color wp-block-post-title\">\n                                <a href=\"https:\/\/www.lareferencepierre.fr\/accueil\/programmes\/symone-by-adonis-nice-4\/\">Symon(e) By Adonis Nice 4*<\/a>\n                            <\/h3>\n                                                            <div class=\"wp-block-group icone-location-marker is-nowrap is-layout-flex wp-block-group-is-layout-flex\">\n                                    <div class=\"is-acf-field acf-com_nom\">\n                                        <div class=\"value\">NICE<\/div>\n                                    <\/div>\n                                    <div class=\"is-acf-field acf-com_code_postal\">\n                                        <div class=\"value\">(06)<\/div>\n                                    <\/div>\n                                <\/div>\n                                                    <\/div>\n                        <div class=\"wp-block-group is-vertical is-layout-flex wp-block-group-is-layout-flex\">\n                                                            <div class=\"is-acf-field is-display-block acf-prix_minimum\">\n                                    <div class=\"prefix\">A Partir de<\/div>\n                                    <div class=\"value\">143 015 \u20ac<\/div>\n                                <\/div>\n                                                    <\/div>\n                    <\/div>\n\n                    <!-- Rendement + Type de r\u00e9sidence -->\n                    <div class=\"wp-block-group is-content-justification-space-between is-nowrap is-layout-flex wp-block-group-is-layout-flex\"\n                        style=\"padding-top:var(--wp--preset--spacing--minus-2);padding-bottom:var(--wp--preset--spacing--minus-2)\">\n                        <div class=\"wp-block-group is-vertical is-layout-flex wp-block-group-is-layout-flex\">\n                                                            <div class=\"is-acf-field is-display-block acf-res_rentabilite\">\n                                    <div class=\"prefix\">Rendement min.<\/div>\n                                    <div class=\"value\">4,70<\/div>\n                                <\/div>\n                                                    <\/div>\n                        <div class=\"wp-block-group is-vertical is-layout-flex wp-block-group-is-layout-flex\">\n                                                            <div class=\"is-acf-field acf-res_type\">\n                                                                            <div class=\"prefix\">Type de r\u00e9sidence<\/div>\n                                        <div class=\"value\">Plurielle<\/div>\n                                                                    <\/div>\n                                                    <\/div>\n                    <\/div>\n                <\/div>\n            <\/div>\n                <div class=\"wp-block-post swiper-slide wp-block-post-template\">\n                \n                <figure class=\"wp-block-post-featured-image\">\n                    <a href=\"https:\/\/www.lareferencepierre.fr\/accueil\/programmes\/symone-by-adonis-poitiers\/\" target=\"_blank\">\n                        <img src=\"https:\/\/www.lareferencepierre.fr\/intranet\/photos\/residences\/resnum_24537.jpg\"\n                            class=\"attachment-post-thumbnail size-post-thumbnail wp-post-image\"\n                            alt=\"Symon(e) By Adonis - Poitiers\" decoding=\"async\" loading=\"lazy\">\n                    <\/a>\n                <\/figure>\n\n                <div class=\"wp-block-group has-global-padding is-layout-constrained wp-block-group-is-layout-constrained\"\n                    style=\"margin-top:0;margin-bottom:0;padding-top:0;padding-right:var(--wp--preset--spacing--minus-2);padding-bottom:0;padding-left:var(--wp--preset--spacing--minus-2)\">\n\n                                            <div style=\"font-style:normal;font-weight:500;padding:0;margin:0;\"\n                            class=\"is-acf-field acf-loi_nom has-text-color has-white-color has-background has-secondary-90-background-color has-small-font-size\">\n                            <div class=\"value\">Loueur en meubl\u00e9<\/div>\n                        <\/div>\n                    \n                    <!-- Nom + Ville + Prix -->\n                    <div class=\"wp-block-group is-content-justification-space-between is-nowrap is-layout-flex wp-block-group-is-layout-flex\"\n                        style=\"border-bottom-color:var(--wp--preset--color--secondary-30);border-bottom-width:1px;padding-top:var(--wp--preset--spacing--minus-2);padding-bottom:var(--wp--preset--spacing--minus-2)\">\n                        <div class=\"wp-block-group is-vertical is-layout-flex wp-block-group-is-layout-flex\">\n                            <h3 class=\"has-link-color wp-block-post-title\">\n                                <a href=\"https:\/\/www.lareferencepierre.fr\/accueil\/programmes\/symone-by-adonis-poitiers\/\">Symon(e) By Adonis &#8211; Poitiers<\/a>\n                            <\/h3>\n                                                            <div class=\"wp-block-group icone-location-marker is-nowrap is-layout-flex wp-block-group-is-layout-flex\">\n                                    <div class=\"is-acf-field acf-com_nom\">\n                                        <div class=\"value\">POITIERS<\/div>\n                                    <\/div>\n                                    <div class=\"is-acf-field acf-com_code_postal\">\n                                        <div class=\"value\">(86)<\/div>\n                                    <\/div>\n                                <\/div>\n                                                    <\/div>\n                        <div class=\"wp-block-group is-vertical is-layout-flex wp-block-group-is-layout-flex\">\n                                                            <div class=\"is-acf-field is-display-block acf-prix_minimum\">\n                                    <div class=\"prefix\">A Partir de<\/div>\n                                    <div class=\"value\">108 700 \u20ac<\/div>\n                                <\/div>\n                                                    <\/div>\n                    <\/div>\n\n                    <!-- Rendement + Type de r\u00e9sidence -->\n                    <div class=\"wp-block-group is-content-justification-space-between is-nowrap is-layout-flex wp-block-group-is-layout-flex\"\n                        style=\"padding-top:var(--wp--preset--spacing--minus-2);padding-bottom:var(--wp--preset--spacing--minus-2)\">\n                        <div class=\"wp-block-group is-vertical is-layout-flex wp-block-group-is-layout-flex\">\n                                                            <div class=\"is-acf-field is-display-block acf-res_rentabilite\">\n                                    <div class=\"prefix\">Rendement min.<\/div>\n                                    <div class=\"value\">4,40<\/div>\n                                <\/div>\n                                                    <\/div>\n                        <div class=\"wp-block-group is-vertical is-layout-flex wp-block-group-is-layout-flex\">\n                                                            <div class=\"is-acf-field acf-res_type\">\n                                                                            <div class=\"prefix\">Type de r\u00e9sidence<\/div>\n                                        <div class=\"value\">Plurielle<\/div>\n                                                                    <\/div>\n                                                    <\/div>\n                    <\/div>\n                <\/div>\n            <\/div>\n                <div class=\"wp-block-post swiper-slide wp-block-post-template\">\n                \n                <figure class=\"wp-block-post-featured-image\">\n                    <a href=\"https:\/\/www.lareferencepierre.fr\/accueil\/programmes\/studio-127-lille-metropole\/\" target=\"_blank\">\n                        <img src=\"https:\/\/www.lareferencepierre.fr\/intranet\/photos\/residences\/resnum_26304.jpg\"\n                            class=\"attachment-post-thumbnail size-post-thumbnail wp-post-image\"\n                            alt=\"Studio 127 LILLE METROPOLE\" decoding=\"async\" loading=\"lazy\">\n                    <\/a>\n                <\/figure>\n\n                <div class=\"wp-block-group has-global-padding is-layout-constrained wp-block-group-is-layout-constrained\"\n                    style=\"margin-top:0;margin-bottom:0;padding-top:0;padding-right:var(--wp--preset--spacing--minus-2);padding-bottom:0;padding-left:var(--wp--preset--spacing--minus-2)\">\n\n                                            <div style=\"font-style:normal;font-weight:500;padding:0;margin:0;\"\n                            class=\"is-acf-field acf-loi_nom has-text-color has-white-color has-background has-secondary-90-background-color has-small-font-size\">\n                            <div class=\"value\">Loueur en meubl\u00e9<\/div>\n                        <\/div>\n                    \n                    <!-- Nom + Ville + Prix -->\n                    <div class=\"wp-block-group is-content-justification-space-between is-nowrap is-layout-flex wp-block-group-is-layout-flex\"\n                        style=\"border-bottom-color:var(--wp--preset--color--secondary-30);border-bottom-width:1px;padding-top:var(--wp--preset--spacing--minus-2);padding-bottom:var(--wp--preset--spacing--minus-2)\">\n                        <div class=\"wp-block-group is-vertical is-layout-flex wp-block-group-is-layout-flex\">\n                            <h3 class=\"has-link-color wp-block-post-title\">\n                                <a href=\"https:\/\/www.lareferencepierre.fr\/accueil\/programmes\/studio-127-lille-metropole\/\">Studio 127 LILLE METROPOLE<\/a>\n                            <\/h3>\n                                                            <div class=\"wp-block-group icone-location-marker is-nowrap is-layout-flex wp-block-group-is-layout-flex\">\n                                    <div class=\"is-acf-field acf-com_nom\">\n                                        <div class=\"value\">FACHES THUMESNIL<\/div>\n                                    <\/div>\n                                    <div class=\"is-acf-field acf-com_code_postal\">\n                                        <div class=\"value\">(59)<\/div>\n                                    <\/div>\n                                <\/div>\n                                                    <\/div>\n                        <div class=\"wp-block-group is-vertical is-layout-flex wp-block-group-is-layout-flex\">\n                                                            <div class=\"is-acf-field is-display-block acf-prix_minimum\">\n                                    <div class=\"prefix\">A Partir de<\/div>\n                                    <div class=\"value\">87 065 \u20ac<\/div>\n                                <\/div>\n                                                    <\/div>\n                    <\/div>\n\n                    <!-- Rendement + Type de r\u00e9sidence -->\n                    <div class=\"wp-block-group is-content-justification-space-between is-nowrap is-layout-flex wp-block-group-is-layout-flex\"\n                        style=\"padding-top:var(--wp--preset--spacing--minus-2);padding-bottom:var(--wp--preset--spacing--minus-2)\">\n                        <div class=\"wp-block-group is-vertical is-layout-flex wp-block-group-is-layout-flex\">\n                                                            <div class=\"is-acf-field is-display-block acf-res_rentabilite\">\n                                    <div class=\"prefix\">Rendement min.<\/div>\n                                    <div class=\"value\">4,00<\/div>\n                                <\/div>\n                                                    <\/div>\n                        <div class=\"wp-block-group is-vertical is-layout-flex wp-block-group-is-layout-flex\">\n                                                            <div class=\"is-acf-field acf-res_type\">\n                                                                            <div class=\"prefix\">Type de r\u00e9sidence<\/div>\n                                        <div class=\"value\">Etudiante<\/div>\n                                                                    <\/div>\n                                                    <\/div>\n                    <\/div>\n                <\/div>\n            <\/div>\n                <div class=\"wp-block-post swiper-slide wp-block-post-template\">\n                \n                <figure class=\"wp-block-post-featured-image\">\n                    <a href=\"https:\/\/www.lareferencepierre.fr\/com\/fiche-produit\/?type=lmnpancien&#038;code_residence=26361\" target=\"_blank\">\n                        <img src=\"https:\/\/www.lareferencepierre.fr\/intranet\/photos\/residences\/resnum_26361.jpg\"\n                            class=\"attachment-post-thumbnail size-post-thumbnail wp-post-image\"\n                            alt=\"STUDEA SAINT OUEN\" decoding=\"async\" loading=\"lazy\">\n                    <\/a>\n                <\/figure>\n\n                <div class=\"wp-block-group has-global-padding is-layout-constrained wp-block-group-is-layout-constrained\"\n                    style=\"margin-top:0;margin-bottom:0;padding-top:0;padding-right:var(--wp--preset--spacing--minus-2);padding-bottom:0;padding-left:var(--wp--preset--spacing--minus-2)\">\n\n                                            <div style=\"font-style:normal;font-weight:500;padding:0;margin:0;\"\n                            class=\"is-acf-field acf-loi_nom has-text-color has-white-color has-background has-secondary-90-background-color has-small-font-size\">\n                            <div class=\"value\">Loueur en meubl\u00e9<\/div>\n                        <\/div>\n                    \n                    <!-- Nom + Ville + Prix -->\n                    <div class=\"wp-block-group is-content-justification-space-between is-nowrap is-layout-flex wp-block-group-is-layout-flex\"\n                        style=\"border-bottom-color:var(--wp--preset--color--secondary-30);border-bottom-width:1px;padding-top:var(--wp--preset--spacing--minus-2);padding-bottom:var(--wp--preset--spacing--minus-2)\">\n                        <div class=\"wp-block-group is-vertical is-layout-flex wp-block-group-is-layout-flex\">\n                            <h3 class=\"has-link-color wp-block-post-title\">\n                                <a href=\"https:\/\/www.lareferencepierre.fr\/com\/fiche-produit\/?type=lmnpancien&#038;code_residence=26361\">STUDEA SAINT OUEN<\/a>\n                            <\/h3>\n                                                            <div class=\"wp-block-group icone-location-marker is-nowrap is-layout-flex wp-block-group-is-layout-flex\">\n                                    <div class=\"is-acf-field acf-com_nom\">\n                                        <div class=\"value\">ST OUEN<\/div>\n                                    <\/div>\n                                    <div class=\"is-acf-field acf-com_code_postal\">\n                                        <div class=\"value\">(93)<\/div>\n                                    <\/div>\n                                <\/div>\n                                                    <\/div>\n                        <div class=\"wp-block-group is-vertical is-layout-flex wp-block-group-is-layout-flex\">\n                                                            <div class=\"is-acf-field is-display-block acf-prix_minimum\">\n                                    <div class=\"prefix\">A Partir de<\/div>\n                                    <div class=\"value\">90 324 \u20ac<\/div>\n                                <\/div>\n                                                    <\/div>\n                    <\/div>\n\n                    <!-- Rendement + Type de r\u00e9sidence -->\n                    <div class=\"wp-block-group is-content-justification-space-between is-nowrap is-layout-flex wp-block-group-is-layout-flex\"\n                        style=\"padding-top:var(--wp--preset--spacing--minus-2);padding-bottom:var(--wp--preset--spacing--minus-2)\">\n                        <div class=\"wp-block-group is-vertical is-layout-flex wp-block-group-is-layout-flex\">\n                                                            <div class=\"is-acf-field is-display-block acf-res_rentabilite\">\n                                    <div class=\"prefix\">Rendement min.<\/div>\n                                    <div class=\"value\">5.2<\/div>\n                                <\/div>\n                                                    <\/div>\n                        <div class=\"wp-block-group is-vertical is-layout-flex wp-block-group-is-layout-flex\">\n                                                            <div class=\"is-acf-field acf-res_type\">\n                                                                            <div class=\"prefix\">Type de r\u00e9sidence<\/div>\n                                        <div class=\"value\">Etudiante<\/div>\n                                                                    <\/div>\n                                                    <\/div>\n                    <\/div>\n                <\/div>\n            <\/div>\n                <div class=\"wp-block-post swiper-slide wp-block-post-template\">\n                \n                <figure class=\"wp-block-post-featured-image\">\n                    <a href=\"https:\/\/www.lareferencepierre.fr\/accueil\/programmes\/saisons-bleues-meuble\/\" target=\"_blank\">\n                        <img src=\"https:\/\/www.lareferencepierre.fr\/intranet\/photos\/residences\/resnum_24904.jpg\"\n                            class=\"attachment-post-thumbnail size-post-thumbnail wp-post-image\"\n                            alt=\"Saisons Bleues meubl\u00e9\" decoding=\"async\" loading=\"lazy\">\n                    <\/a>\n                <\/figure>\n\n                <div class=\"wp-block-group has-global-padding is-layout-constrained wp-block-group-is-layout-constrained\"\n                    style=\"margin-top:0;margin-bottom:0;padding-top:0;padding-right:var(--wp--preset--spacing--minus-2);padding-bottom:0;padding-left:var(--wp--preset--spacing--minus-2)\">\n\n                                            <div style=\"font-style:normal;font-weight:500;padding:0;margin:0;\"\n                            class=\"is-acf-field acf-loi_nom has-text-color has-white-color has-background has-secondary-90-background-color has-small-font-size\">\n                            <div class=\"value\">Loueur en meubl\u00e9<\/div>\n                        <\/div>\n                    \n                    <!-- Nom + Ville + Prix -->\n                    <div class=\"wp-block-group is-content-justification-space-between is-nowrap is-layout-flex wp-block-group-is-layout-flex\"\n                        style=\"border-bottom-color:var(--wp--preset--color--secondary-30);border-bottom-width:1px;padding-top:var(--wp--preset--spacing--minus-2);padding-bottom:var(--wp--preset--spacing--minus-2)\">\n                        <div class=\"wp-block-group is-vertical is-layout-flex wp-block-group-is-layout-flex\">\n                            <h3 class=\"has-link-color wp-block-post-title\">\n                                <a href=\"https:\/\/www.lareferencepierre.fr\/accueil\/programmes\/saisons-bleues-meuble\/\">Saisons Bleues meubl\u00e9<\/a>\n                            <\/h3>\n                                                            <div class=\"wp-block-group icone-location-marker is-nowrap is-layout-flex wp-block-group-is-layout-flex\">\n                                    <div class=\"is-acf-field acf-com_nom\">\n                                        <div class=\"value\">SANARY SUR MER<\/div>\n                                    <\/div>\n                                    <div class=\"is-acf-field acf-com_code_postal\">\n                                        <div class=\"value\">(83)<\/div>\n                                    <\/div>\n                                <\/div>\n                                                    <\/div>\n                        <div class=\"wp-block-group is-vertical is-layout-flex wp-block-group-is-layout-flex\">\n                                                            <div class=\"is-acf-field is-display-block acf-prix_minimum\">\n                                    <div class=\"prefix\">A Partir de<\/div>\n                                    <div class=\"value\">151 533 \u20ac<\/div>\n                                <\/div>\n                                                    <\/div>\n                    <\/div>\n\n                    <!-- Rendement + Type de r\u00e9sidence -->\n                    <div class=\"wp-block-group is-content-justification-space-between is-nowrap is-layout-flex wp-block-group-is-layout-flex\"\n                        style=\"padding-top:var(--wp--preset--spacing--minus-2);padding-bottom:var(--wp--preset--spacing--minus-2)\">\n                        <div class=\"wp-block-group is-vertical is-layout-flex wp-block-group-is-layout-flex\">\n                                                            <div class=\"is-acf-field is-display-block acf-res_rentabilite\">\n                                    <div class=\"prefix\">Rendement min.<\/div>\n                                    <div class=\"value\">5,10<\/div>\n                                <\/div>\n                                                    <\/div>\n                        <div class=\"wp-block-group is-vertical is-layout-flex wp-block-group-is-layout-flex\">\n                                                            <div class=\"is-acf-field acf-res_type\">\n                                                                            <div class=\"prefix\">Type de r\u00e9sidence<\/div>\n                                        <div class=\"value\">Tourisme<\/div>\n                                                                    <\/div>\n                                                    <\/div>\n                    <\/div>\n                <\/div>\n            <\/div>\n                <div class=\"wp-block-post swiper-slide wp-block-post-template\">\n                                    <div style=\"font-style:normal;font-weight:500;padding:0;margin:0;\"\n                        class=\"is-acf-field acf-nouveaute has-text-color has-white-color has-background has-primary-50-background-color has-small-font-size\">\n                        <div class=\"prefix\">Nouveaute<\/div>\n                    <\/div>\n                \n                <figure class=\"wp-block-post-featured-image\">\n                    <a href=\"https:\/\/www.lareferencepierre.fr\/com\/fiche-produit\/?type=lmnpancien&#038;code_residence=26503\" target=\"_blank\">\n                        <img src=\"https:\/\/www.lareferencepierre.fr\/intranet\/photos\/residences\/resnum_26503.jpg\"\n                            class=\"attachment-post-thumbnail size-post-thumbnail wp-post-image\"\n                            alt=\"RESIDENCE SOLEIL DE VALFREJUS\" decoding=\"async\" loading=\"lazy\">\n                    <\/a>\n                <\/figure>\n\n                <div class=\"wp-block-group has-global-padding is-layout-constrained wp-block-group-is-layout-constrained\"\n                    style=\"margin-top:0;margin-bottom:0;padding-top:0;padding-right:var(--wp--preset--spacing--minus-2);padding-bottom:0;padding-left:var(--wp--preset--spacing--minus-2)\">\n\n                                            <div style=\"font-style:normal;font-weight:500;padding:0;margin:0;\"\n                            class=\"is-acf-field acf-loi_nom has-text-color has-white-color has-background has-secondary-90-background-color has-small-font-size\">\n                            <div class=\"value\">Loueur en meubl\u00e9<\/div>\n                        <\/div>\n                    \n                    <!-- Nom + Ville + Prix -->\n                    <div class=\"wp-block-group is-content-justification-space-between is-nowrap is-layout-flex wp-block-group-is-layout-flex\"\n                        style=\"border-bottom-color:var(--wp--preset--color--secondary-30);border-bottom-width:1px;padding-top:var(--wp--preset--spacing--minus-2);padding-bottom:var(--wp--preset--spacing--minus-2)\">\n                        <div class=\"wp-block-group is-vertical is-layout-flex wp-block-group-is-layout-flex\">\n                            <h3 class=\"has-link-color wp-block-post-title\">\n                                <a href=\"https:\/\/www.lareferencepierre.fr\/com\/fiche-produit\/?type=lmnpancien&#038;code_residence=26503\">RESIDENCE SOLEIL DE VALFREJUS<\/a>\n                            <\/h3>\n                                                            <div class=\"wp-block-group icone-location-marker is-nowrap is-layout-flex wp-block-group-is-layout-flex\">\n                                    <div class=\"is-acf-field acf-com_nom\">\n                                        <div class=\"value\">MODANE<\/div>\n                                    <\/div>\n                                    <div class=\"is-acf-field acf-com_code_postal\">\n                                        <div class=\"value\">(73)<\/div>\n                                    <\/div>\n                                <\/div>\n                                                    <\/div>\n                        <div class=\"wp-block-group is-vertical is-layout-flex wp-block-group-is-layout-flex\">\n                                                            <div class=\"is-acf-field is-display-block acf-prix_minimum\">\n                                    <div class=\"prefix\">A Partir de<\/div>\n                                    <div class=\"value\">59 568 \u20ac<\/div>\n                                <\/div>\n                                                    <\/div>\n                    <\/div>\n\n                    <!-- Rendement + Type de r\u00e9sidence -->\n                    <div class=\"wp-block-group is-content-justification-space-between is-nowrap is-layout-flex wp-block-group-is-layout-flex\"\n                        style=\"padding-top:var(--wp--preset--spacing--minus-2);padding-bottom:var(--wp--preset--spacing--minus-2)\">\n                        <div class=\"wp-block-group is-vertical is-layout-flex wp-block-group-is-layout-flex\">\n                                                            <div class=\"is-acf-field is-display-block acf-res_rentabilite\">\n                                    <div class=\"prefix\">Rendement min.<\/div>\n                                    <div class=\"value\">5.4<\/div>\n                                <\/div>\n                                                    <\/div>\n                        <div class=\"wp-block-group is-vertical is-layout-flex wp-block-group-is-layout-flex\">\n                                                            <div class=\"is-acf-field acf-res_type\">\n                                                                            <div class=\"prefix\">Type de r\u00e9sidence<\/div>\n                                        <div class=\"value\">Tourisme<\/div>\n                                                                    <\/div>\n                                                    <\/div>\n                    <\/div>\n                <\/div>\n            <\/div>\n                <div class=\"wp-block-post swiper-slide wp-block-post-template\">\n                \n                <figure class=\"wp-block-post-featured-image\">\n                    <a href=\"https:\/\/www.lareferencepierre.fr\/accueil\/programmes\/saisons-bleues\/\" target=\"_blank\">\n                        <img src=\"https:\/\/www.lareferencepierre.fr\/intranet\/photos\/residences\/resnum_25444.jpg\"\n                            class=\"attachment-post-thumbnail size-post-thumbnail wp-post-image\"\n                            alt=\"Saisons Bleues\" decoding=\"async\" loading=\"lazy\">\n                    <\/a>\n                <\/figure>\n\n                <div class=\"wp-block-group has-global-padding is-layout-constrained wp-block-group-is-layout-constrained\"\n                    style=\"margin-top:0;margin-bottom:0;padding-top:0;padding-right:var(--wp--preset--spacing--minus-2);padding-bottom:0;padding-left:var(--wp--preset--spacing--minus-2)\">\n\n                                            <div style=\"font-style:normal;font-weight:500;padding:0;margin:0;\"\n                            class=\"is-acf-field acf-loi_nom has-text-color has-white-color has-background has-secondary-90-background-color has-small-font-size\">\n                            <div class=\"value\">R\u00e9sidence principale \/ R\u00e9sidence secondaire<\/div>\n                        <\/div>\n                    \n                    <!-- Nom + Ville + Prix -->\n                    <div class=\"wp-block-group is-content-justification-space-between is-nowrap is-layout-flex wp-block-group-is-layout-flex\"\n                        style=\"border-bottom-color:var(--wp--preset--color--secondary-30);border-bottom-width:1px;padding-top:var(--wp--preset--spacing--minus-2);padding-bottom:var(--wp--preset--spacing--minus-2)\">\n                        <div class=\"wp-block-group is-vertical is-layout-flex wp-block-group-is-layout-flex\">\n                            <h3 class=\"has-link-color wp-block-post-title\">\n                                <a href=\"https:\/\/www.lareferencepierre.fr\/accueil\/programmes\/saisons-bleues\/\">Saisons Bleues<\/a>\n                            <\/h3>\n                                                            <div class=\"wp-block-group icone-location-marker is-nowrap is-layout-flex wp-block-group-is-layout-flex\">\n                                    <div class=\"is-acf-field acf-com_nom\">\n                                        <div class=\"value\">SANARY SUR MER<\/div>\n                                    <\/div>\n                                    <div class=\"is-acf-field acf-com_code_postal\">\n                                        <div class=\"value\">(83)<\/div>\n                                    <\/div>\n                                <\/div>\n                                                    <\/div>\n                        <div class=\"wp-block-group is-vertical is-layout-flex wp-block-group-is-layout-flex\">\n                                                            <div class=\"is-acf-field is-display-block acf-prix_minimum\">\n                                    <div class=\"prefix\">A Partir de<\/div>\n                                    <div class=\"value\">363 000 \u20ac<\/div>\n                                <\/div>\n                                                    <\/div>\n                    <\/div>\n\n                    <!-- Rendement + Type de r\u00e9sidence -->\n                    <div class=\"wp-block-group is-content-justification-space-between is-nowrap is-layout-flex wp-block-group-is-layout-flex\"\n                        style=\"padding-top:var(--wp--preset--spacing--minus-2);padding-bottom:var(--wp--preset--spacing--minus-2)\">\n                        <div class=\"wp-block-group is-vertical is-layout-flex wp-block-group-is-layout-flex\">\n                                                            <div class=\"is-acf-field is-display-block acf-res_rentabilite\">\n                                    <div class=\"prefix\">Rendement min.<\/div>\n                                    <div class=\"value\">N\/A<\/div>\n                                <\/div>\n                                                    <\/div>\n                        <div class=\"wp-block-group is-vertical is-layout-flex wp-block-group-is-layout-flex\">\n                                                            <div class=\"is-acf-field acf-res_type\">\n                                                                            <div class=\"prefix\">Type de r\u00e9sidence<\/div>\n                                        <div class=\"value\">Classique<\/div>\n                                                                    <\/div>\n                                                    <\/div>\n                    <\/div>\n                <\/div>\n            <\/div>\n                <div class=\"wp-block-post swiper-slide wp-block-post-template\">\n                \n                <figure class=\"wp-block-post-featured-image\">\n                    <a href=\"https:\/\/www.lareferencepierre.fr\/com\/fiche-produit\/?type=lmnpancien&#038;code_residence=26467\" target=\"_blank\">\n                        <img src=\"https:\/\/www.lareferencepierre.fr\/intranet\/photos\/residences\/resnum_26467.jpg\"\n                            class=\"attachment-post-thumbnail size-post-thumbnail wp-post-image\"\n                            alt=\"RESIDENCE LUCIEN JONAS\" decoding=\"async\" loading=\"lazy\">\n                    <\/a>\n                <\/figure>\n\n                <div class=\"wp-block-group has-global-padding is-layout-constrained wp-block-group-is-layout-constrained\"\n                    style=\"margin-top:0;margin-bottom:0;padding-top:0;padding-right:var(--wp--preset--spacing--minus-2);padding-bottom:0;padding-left:var(--wp--preset--spacing--minus-2)\">\n\n                                            <div style=\"font-style:normal;font-weight:500;padding:0;margin:0;\"\n                            class=\"is-acf-field acf-loi_nom has-text-color has-white-color has-background has-secondary-90-background-color has-small-font-size\">\n                            <div class=\"value\">Loueur en meubl\u00e9<\/div>\n                        <\/div>\n                    \n                    <!-- Nom + Ville + Prix -->\n                    <div class=\"wp-block-group is-content-justification-space-between is-nowrap is-layout-flex wp-block-group-is-layout-flex\"\n                        style=\"border-bottom-color:var(--wp--preset--color--secondary-30);border-bottom-width:1px;padding-top:var(--wp--preset--spacing--minus-2);padding-bottom:var(--wp--preset--spacing--minus-2)\">\n                        <div class=\"wp-block-group is-vertical is-layout-flex wp-block-group-is-layout-flex\">\n                            <h3 class=\"has-link-color wp-block-post-title\">\n                                <a href=\"https:\/\/www.lareferencepierre.fr\/com\/fiche-produit\/?type=lmnpancien&#038;code_residence=26467\">RESIDENCE LUCIEN JONAS<\/a>\n                            <\/h3>\n                                                            <div class=\"wp-block-group icone-location-marker is-nowrap is-layout-flex wp-block-group-is-layout-flex\">\n                                    <div class=\"is-acf-field acf-com_nom\">\n                                        <div class=\"value\">AULNOY LEZ VALENCIENNES<\/div>\n                                    <\/div>\n                                    <div class=\"is-acf-field acf-com_code_postal\">\n                                        <div class=\"value\">(59)<\/div>\n                                    <\/div>\n                                <\/div>\n                                                    <\/div>\n                        <div class=\"wp-block-group is-vertical is-layout-flex wp-block-group-is-layout-flex\">\n                                                            <div class=\"is-acf-field is-display-block acf-prix_minimum\">\n                                    <div class=\"prefix\">A Partir de<\/div>\n                                    <div class=\"value\">53 051 \u20ac<\/div>\n                                <\/div>\n                                                    <\/div>\n                    <\/div>\n\n                    <!-- Rendement + Type de r\u00e9sidence -->\n                    <div class=\"wp-block-group is-content-justification-space-between is-nowrap is-layout-flex wp-block-group-is-layout-flex\"\n                        style=\"padding-top:var(--wp--preset--spacing--minus-2);padding-bottom:var(--wp--preset--spacing--minus-2)\">\n                        <div class=\"wp-block-group is-vertical is-layout-flex wp-block-group-is-layout-flex\">\n                                                            <div class=\"is-acf-field is-display-block acf-res_rentabilite\">\n                                    <div class=\"prefix\">Rendement min.<\/div>\n                                    <div class=\"value\">4.95<\/div>\n                                <\/div>\n                                                    <\/div>\n                        <div class=\"wp-block-group is-vertical is-layout-flex wp-block-group-is-layout-flex\">\n                                                            <div class=\"is-acf-field acf-res_type\">\n                                                                            <div class=\"prefix\">Type de r\u00e9sidence<\/div>\n                                        <div class=\"value\">Etudiante<\/div>\n                                                                    <\/div>\n                                                    <\/div>\n                    <\/div>\n                <\/div>\n            <\/div>\n                <div class=\"wp-block-post swiper-slide wp-block-post-template\">\n                \n                <figure class=\"wp-block-post-featured-image\">\n                    <a href=\"https:\/\/www.lareferencepierre.fr\/com\/fiche-produit\/?type=lmnpancien&#038;code_residence=25769\" target=\"_blank\">\n                        <img src=\"https:\/\/www.lareferencepierre.fr\/intranet\/photos\/residences\/resnum_25769.jpg\"\n                            class=\"attachment-post-thumbnail size-post-thumbnail wp-post-image\"\n                            alt=\"RESIDENCE PROVENCE\" decoding=\"async\" loading=\"lazy\">\n                    <\/a>\n                <\/figure>\n\n                <div class=\"wp-block-group has-global-padding is-layout-constrained wp-block-group-is-layout-constrained\"\n                    style=\"margin-top:0;margin-bottom:0;padding-top:0;padding-right:var(--wp--preset--spacing--minus-2);padding-bottom:0;padding-left:var(--wp--preset--spacing--minus-2)\">\n\n                                            <div style=\"font-style:normal;font-weight:500;padding:0;margin:0;\"\n                            class=\"is-acf-field acf-loi_nom has-text-color has-white-color has-background has-secondary-90-background-color has-small-font-size\">\n                            <div class=\"value\">Loueur en meubl\u00e9<\/div>\n                        <\/div>\n                    \n                    <!-- Nom + Ville + Prix -->\n                    <div class=\"wp-block-group is-content-justification-space-between is-nowrap is-layout-flex wp-block-group-is-layout-flex\"\n                        style=\"border-bottom-color:var(--wp--preset--color--secondary-30);border-bottom-width:1px;padding-top:var(--wp--preset--spacing--minus-2);padding-bottom:var(--wp--preset--spacing--minus-2)\">\n                        <div class=\"wp-block-group is-vertical is-layout-flex wp-block-group-is-layout-flex\">\n                            <h3 class=\"has-link-color wp-block-post-title\">\n                                <a href=\"https:\/\/www.lareferencepierre.fr\/com\/fiche-produit\/?type=lmnpancien&#038;code_residence=25769\">RESIDENCE PROVENCE<\/a>\n                            <\/h3>\n                                                            <div class=\"wp-block-group icone-location-marker is-nowrap is-layout-flex wp-block-group-is-layout-flex\">\n                                    <div class=\"is-acf-field acf-com_nom\">\n                                        <div class=\"value\">MARSEILLE 3EME ARRONDISSEMENT<\/div>\n                                    <\/div>\n                                    <div class=\"is-acf-field acf-com_code_postal\">\n                                        <div class=\"value\">(13)<\/div>\n                                    <\/div>\n                                <\/div>\n                                                    <\/div>\n                        <div class=\"wp-block-group is-vertical is-layout-flex wp-block-group-is-layout-flex\">\n                                                            <div class=\"is-acf-field is-display-block acf-prix_minimum\">\n                                    <div class=\"prefix\">A Partir de<\/div>\n                                    <div class=\"value\">81 031 \u20ac<\/div>\n                                <\/div>\n                                                    <\/div>\n                    <\/div>\n\n                    <!-- Rendement + Type de r\u00e9sidence -->\n                    <div class=\"wp-block-group is-content-justification-space-between is-nowrap is-layout-flex wp-block-group-is-layout-flex\"\n                        style=\"padding-top:var(--wp--preset--spacing--minus-2);padding-bottom:var(--wp--preset--spacing--minus-2)\">\n                        <div class=\"wp-block-group is-vertical is-layout-flex wp-block-group-is-layout-flex\">\n                                                            <div class=\"is-acf-field is-display-block acf-res_rentabilite\">\n                                    <div class=\"prefix\">Rendement min.<\/div>\n                                    <div class=\"value\">4.7<\/div>\n                                <\/div>\n                                                    <\/div>\n                        <div class=\"wp-block-group is-vertical is-layout-flex wp-block-group-is-layout-flex\">\n                                                            <div class=\"is-acf-field acf-res_type\">\n                                                                            <div class=\"prefix\">Type de r\u00e9sidence<\/div>\n                                        <div class=\"value\">Etudiante<\/div>\n                                                                    <\/div>\n                                                    <\/div>\n                    <\/div>\n                <\/div>\n            <\/div>\n                <div class=\"wp-block-post swiper-slide wp-block-post-template\">\n                \n                <figure class=\"wp-block-post-featured-image\">\n                    <a href=\"https:\/\/www.lareferencepierre.fr\/com\/fiche-produit\/?type=lmnpancien&#038;code_residence=26427\" target=\"_blank\">\n                        <img src=\"https:\/\/www.lareferencepierre.fr\/intranet\/photos\/residences\/resnum_26427.jpg\"\n                            class=\"attachment-post-thumbnail size-post-thumbnail wp-post-image\"\n                            alt=\"RESIDENCE SAINT-JOSEPH\" decoding=\"async\" loading=\"lazy\">\n                    <\/a>\n                <\/figure>\n\n                <div class=\"wp-block-group has-global-padding is-layout-constrained wp-block-group-is-layout-constrained\"\n                    style=\"margin-top:0;margin-bottom:0;padding-top:0;padding-right:var(--wp--preset--spacing--minus-2);padding-bottom:0;padding-left:var(--wp--preset--spacing--minus-2)\">\n\n                                            <div style=\"font-style:normal;font-weight:500;padding:0;margin:0;\"\n                            class=\"is-acf-field acf-loi_nom has-text-color has-white-color has-background has-secondary-90-background-color has-small-font-size\">\n                            <div class=\"value\">Loueur en meubl\u00e9<\/div>\n                        <\/div>\n                    \n                    <!-- Nom + Ville + Prix -->\n                    <div class=\"wp-block-group is-content-justification-space-between is-nowrap is-layout-flex wp-block-group-is-layout-flex\"\n                        style=\"border-bottom-color:var(--wp--preset--color--secondary-30);border-bottom-width:1px;padding-top:var(--wp--preset--spacing--minus-2);padding-bottom:var(--wp--preset--spacing--minus-2)\">\n                        <div class=\"wp-block-group is-vertical is-layout-flex wp-block-group-is-layout-flex\">\n                            <h3 class=\"has-link-color wp-block-post-title\">\n                                <a href=\"https:\/\/www.lareferencepierre.fr\/com\/fiche-produit\/?type=lmnpancien&#038;code_residence=26427\">RESIDENCE SAINT-JOSEPH<\/a>\n                            <\/h3>\n                                                            <div class=\"wp-block-group icone-location-marker is-nowrap is-layout-flex wp-block-group-is-layout-flex\">\n                                    <div class=\"is-acf-field acf-com_nom\">\n                                        <div class=\"value\">COLMAR<\/div>\n                                    <\/div>\n                                    <div class=\"is-acf-field acf-com_code_postal\">\n                                        <div class=\"value\">(68)<\/div>\n                                    <\/div>\n                                <\/div>\n                                                    <\/div>\n                        <div class=\"wp-block-group is-vertical is-layout-flex wp-block-group-is-layout-flex\">\n                                                            <div class=\"is-acf-field is-display-block acf-prix_minimum\">\n                                    <div class=\"prefix\">A Partir de<\/div>\n                                    <div class=\"value\">212 321 \u20ac<\/div>\n                                <\/div>\n                                                    <\/div>\n                    <\/div>\n\n                    <!-- Rendement + Type de r\u00e9sidence -->\n                    <div class=\"wp-block-group is-content-justification-space-between is-nowrap is-layout-flex wp-block-group-is-layout-flex\"\n                        style=\"padding-top:var(--wp--preset--spacing--minus-2);padding-bottom:var(--wp--preset--spacing--minus-2)\">\n                        <div class=\"wp-block-group is-vertical is-layout-flex wp-block-group-is-layout-flex\">\n                                                            <div class=\"is-acf-field is-display-block acf-res_rentabilite\">\n                                    <div class=\"prefix\">Rendement min.<\/div>\n                                    <div class=\"value\">4.3<\/div>\n                                <\/div>\n                                                    <\/div>\n                        <div class=\"wp-block-group is-vertical is-layout-flex wp-block-group-is-layout-flex\">\n                                                            <div class=\"is-acf-field acf-res_type\">\n                                                                            <div class=\"prefix\">Type de r\u00e9sidence<\/div>\n                                        <div class=\"value\">S\u00e9nior<\/div>\n                                                                    <\/div>\n                                                    <\/div>\n                    <\/div>\n                <\/div>\n            <\/div>\n        <\/div>\n    <div class=\"pagination-container\">\n        <div class=\"swiper-button-prev\"><\/div>\n        <div class=\"swiper-button-next\"><\/div>\n    <\/div>\n<\/div>\n<\/div>\n\n\n\n<div class=\"wp-block-group has-secondary-10-background-color has-background has-global-padding is-layout-constrained wp-block-group-is-layout-constrained\" style=\"padding-top:var(--wp--preset--spacing--plus-2);padding-bottom:var(--wp--preset--spacing--plus-2)\">\n\n<h2 class=\"wp-block-heading has-text-align-center\">Nos <mark style=\"background-color:#00a7ab\" class=\"has-inline-color\">actualit\u00e9s<\/mark><\/h2>\n\n<script src=\"https:\/\/static.elfsight.com\/platform\/platform.js\" async><\/script>\n<div class=\"elfsight-app-c3e73eff-d5a3-4b67-8cc1-8b0cb780fb5f\" data-elfsight-app-lazy><\/div>\n\n<ul class=\"wp-block-social-links has-visible-labels is-style-logos-only is-content-justification-center is-layout-flex wp-container-core-social-links-is-layout-1 wp-block-social-links-is-layout-flex\">\n<li class=\"wp-social-link wp-social-link-linkedin  wp-block-social-link\"><a rel=\"noopener nofollow\" target=\"_blank\" href=\"https:\/\/fr.linkedin.com\/company\/la-reference-pierre\" class=\"wp-block-social-link-anchor\"><svg width=\"24\" height=\"24\" viewBox=\"0 0 24 24\" version=\"1.1\" xmlns=\"http:\/\/www.w3.org\/2000\/svg\" aria-hidden=\"true\" focusable=\"false\"><path d=\"M19.7,3H4.3C3.582,3,3,3.582,3,4.3v15.4C3,20.418,3.582,21,4.3,21h15.4c0.718,0,1.3-0.582,1.3-1.3V4.3 C21,3.582,20.418,3,19.7,3z M8.339,18.338H5.667v-8.59h2.672V18.338z M7.004,8.574c-0.857,0-1.549-0.694-1.549-1.548 c0-0.855,0.691-1.548,1.549-1.548c0.854,0,1.547,0.694,1.547,1.548C8.551,7.881,7.858,8.574,7.004,8.574z M18.339,18.338h-2.669 v-4.177c0-0.996-0.017-2.278-1.387-2.278c-1.389,0-1.601,1.086-1.601,2.206v4.249h-2.667v-8.59h2.559v1.174h0.037 c0.356-0.675,1.227-1.387,2.526-1.387c2.703,0,3.203,1.779,3.203,4.092V18.338z\"><\/path><\/svg><span class=\"wp-block-social-link-label\">Suivez-nous sur Linkedin<\/span><\/a><\/li>\n<\/ul>\n\n<\/div>\n\n\n\n<div class=\"wp-block-group has-white-background-color has-background has-global-padding is-layout-constrained wp-block-group-is-layout-constrained\" style=\"padding-top:var(--wp--preset--spacing--plus-2);padding-bottom:var(--wp--preset--spacing--plus-2)\">\n<h2 class=\"wp-block-heading has-text-align-center\">Nos <mark style=\"background-color:#00a7ab\" class=\"has-inline-color\">certifications<\/mark><\/h2>\n\n\n\n<div  class=\"imcr-content-slider swiper swiper-content slider-just-next slider-certifications no-desktop swiper-loop swiper-2-items\" data-slides-per-view=\"2\">\n       \n   <div class=\"swiper-wrapper\">\n\n<div class=\"wp-block-group swiper-slide has-white-background-color has-background has-global-padding is-content-justification-center is-layout-constrained wp-container-core-group-is-layout-32 wp-block-group-is-layout-constrained\" style=\"padding-top:var(--wp--preset--spacing--plus-1);padding-right:var(--wp--preset--spacing--base);padding-bottom:var(--wp--preset--spacing--plus-1);padding-left:var(--wp--preset--spacing--base)\">\n<div class=\"wp-block-group is-content-justification-space-between is-nowrap is-layout-flex wp-container-core-group-is-layout-31 wp-block-group-is-layout-flex\">\n<figure class=\"wp-block-image size-full\"><img loading=\"lazy\" decoding=\"async\" width=\"800\" height=\"800\" src=\"https:\/\/www.lareferencepierre.fr\/accueil\/wp-content\/uploads\/ano11188-1.png\" alt=\"\" class=\"wp-image-25689\" srcset=\"https:\/\/www.lareferencepierre.fr\/accueil\/wp-content\/uploads\/ano11188-1.png 800w, https:\/\/www.lareferencepierre.fr\/accueil\/wp-content\/uploads\/ano11188-1-700x700.png 700w, https:\/\/www.lareferencepierre.fr\/accueil\/wp-content\/uploads\/ano11188-1-300x300.png 300w\" sizes=\"auto, (max-width: 800px) 100vw, 800px\" \/><\/figure>\n\n\n\n<p>Laur\u00e9at 2026 du Prix de la R\u00e9daction cat\u00e9gorie \u00abImmobilier &#8211; Plate-forme\u00bb<\/p>\n<\/div>\n<\/div>\n\n\n\n<div class=\"wp-block-group swiper-slide has-white-background-color has-background has-global-padding is-content-justification-center is-layout-constrained wp-container-core-group-is-layout-34 wp-block-group-is-layout-constrained\" style=\"padding-top:var(--wp--preset--spacing--plus-1);padding-right:var(--wp--preset--spacing--base);padding-bottom:var(--wp--preset--spacing--plus-1);padding-left:var(--wp--preset--spacing--base)\">\n<div class=\"wp-block-group is-content-justification-space-between is-nowrap is-layout-flex wp-container-core-group-is-layout-33 wp-block-group-is-layout-flex\">\n<figure class=\"wp-block-image size-full\"><img loading=\"lazy\" decoding=\"async\" width=\"123\" height=\"116\" src=\"https:\/\/www.lareferencepierre.fr\/accueil\/wp-content\/uploads\/logo-certification-afaq-iso-9001-1.png\" alt=\"Norme iso 9001 LRP by Ark\u00e9a\" class=\"wp-image-5570\"\/><\/figure>\n\n\n\n<p>Dans le cadre de la Certification ISO 9001, le Groupe IZIMMO est soumis \u00e0 un audit annuel r\u00e9alis\u00e9 par l\u2019AFNOR. Depuis son obtention en 2005, cette certification, avec ses \u00e9volutions, est chaque ann\u00e9e renouvel\u00e9e.<\/p>\n<\/div>\n<\/div>\n\n<\/div>\n    <!-- <div class=\"swiper-pagination\"><\/div> -->\n            <div class=\"pagination-container\">\n            <div class=\"swiper-button-prev\"><\/div>\n            <div class=\"swiper-button-next\"><\/div>\n        <\/div>\n    <\/div>\n<\/div>\n","protected":false},"excerpt":{"rendered":"<p>\u00c0 PROPOS LRP by Arkea, l\u2019expertise d\u2019une structure \u00e0 taille humaine Depuis 2009, LRP by Ark\u00e9a accompagne les conseillers en gestion de patrimoine en leur offrant un acc\u00e8s exclusif \u00e0 des opportunit\u00e9s d&rsquo;investissement immobilier rigoureusements\u00e9lectionn\u00e9es. Forts de notre expertise du march\u00e9, nous vous aidons \u00e0 proposer \u00e0 vos clients des solutions performantes qu&rsquo;il s&rsquo;agisse d&rsquo;immobilier [&hellip;]<\/p>\n","protected":false},"author":1,"featured_media":0,"parent":0,"menu_order":0,"comment_status":"closed","ping_status":"open","template":"","meta":{"_acf_changed":false,"footnotes":""},"class_list":["post-2","page","type-page","status-publish","hentry"],"acf":[],"yoast_head":"<!-- This site is optimized with the Yoast SEO plugin v24.2 - https:\/\/yoast.com\/wordpress\/plugins\/seo\/ -->\n<title>Accueil - LRP - La R\u00e9f\u00e9rence Pierre<\/title>\n<meta name=\"description\" content=\"Depuis sa cr\u00e9ation en 2009, La R\u00e9f\u00e9rence Pierre by Ark\u00e9a se distingue comme une plateforme immobili\u00e8re incontournable pour les professionnels du patrimoine avec un acc\u00e8s privil\u00e9gi\u00e9 \u00e0 une s\u00e9lection de programmes immobiliers exclusifs et diversifi\u00e9s.\" \/>\n<meta name=\"robots\" content=\"index, follow, max-snippet:-1, max-image-preview:large, max-video-preview:-1\" \/>\n<link rel=\"canonical\" href=\"https:\/\/www.lareferencepierre.fr\/accueil\/\" \/>\n<meta property=\"og:locale\" content=\"fr_FR\" \/>\n<meta property=\"og:type\" content=\"article\" \/>\n<meta property=\"og:title\" content=\"Accueil - LRP - La R\u00e9f\u00e9rence Pierre\" \/>\n<meta property=\"og:description\" content=\"Depuis sa cr\u00e9ation en 2009, La R\u00e9f\u00e9rence Pierre by Ark\u00e9a se distingue comme une plateforme immobili\u00e8re incontournable pour les professionnels du patrimoine avec un acc\u00e8s privil\u00e9gi\u00e9 \u00e0 une s\u00e9lection de programmes immobiliers exclusifs et diversifi\u00e9s.\" \/>\n<meta property=\"og:url\" content=\"https:\/\/www.lareferencepierre.fr\/accueil\/\" \/>\n<meta property=\"og:site_name\" content=\"LRP\" \/>\n<meta property=\"article:modified_time\" content=\"2026-04-29T13:53:20+00:00\" \/>\n<meta property=\"og:image\" content=\"https:\/\/www.lareferencepierre.fr\/accueil\/wp-content\/uploads\/ano11188-1.png\" \/>\n<meta name=\"twitter:card\" content=\"summary_large_image\" \/>\n<meta name=\"twitter:label1\" content=\"Dur\u00e9e de lecture estim\u00e9e\" \/>\n\t<meta name=\"twitter:data1\" content=\"6 minutes\" \/>\n<script type=\"application\/ld+json\" class=\"yoast-schema-graph\">{\"@context\":\"https:\/\/schema.org\",\"@graph\":[{\"@type\":\"WebPage\",\"@id\":\"https:\/\/www.lareferencepierre.fr\/accueil\/\",\"url\":\"https:\/\/www.lareferencepierre.fr\/accueil\/\",\"name\":\"Accueil - LRP - La R\u00e9f\u00e9rence Pierre\",\"isPartOf\":{\"@id\":\"https:\/\/www.lareferencepierre.fr\/accueil\/#website\"},\"primaryImageOfPage\":{\"@id\":\"https:\/\/www.lareferencepierre.fr\/accueil\/#primaryimage\"},\"image\":{\"@id\":\"https:\/\/www.lareferencepierre.fr\/accueil\/#primaryimage\"},\"thumbnailUrl\":\"https:\/\/www.lareferencepierre.fr\/accueil\/wp-content\/uploads\/ano11188-1.png\",\"datePublished\":\"2019-11-12T13:16:37+00:00\",\"dateModified\":\"2026-04-29T13:53:20+00:00\",\"description\":\"Depuis sa cr\u00e9ation en 2009, La R\u00e9f\u00e9rence Pierre by Ark\u00e9a se distingue comme une plateforme immobili\u00e8re incontournable pour les professionnels du patrimoine avec un acc\u00e8s privil\u00e9gi\u00e9 \u00e0 une s\u00e9lection de programmes immobiliers exclusifs et diversifi\u00e9s.\",\"breadcrumb\":{\"@id\":\"https:\/\/www.lareferencepierre.fr\/accueil\/#breadcrumb\"},\"inLanguage\":\"fr-FR\",\"potentialAction\":[{\"@type\":\"ReadAction\",\"target\":[\"https:\/\/www.lareferencepierre.fr\/accueil\/\"]}]},{\"@type\":\"ImageObject\",\"inLanguage\":\"fr-FR\",\"@id\":\"https:\/\/www.lareferencepierre.fr\/accueil\/#primaryimage\",\"url\":\"https:\/\/www.lareferencepierre.fr\/accueil\/wp-content\/uploads\/ano11188-1.png\",\"contentUrl\":\"https:\/\/www.lareferencepierre.fr\/accueil\/wp-content\/uploads\/ano11188-1.png\",\"width\":800,\"height\":800},{\"@type\":\"BreadcrumbList\",\"@id\":\"https:\/\/www.lareferencepierre.fr\/accueil\/#breadcrumb\",\"itemListElement\":[{\"@type\":\"ListItem\",\"position\":1,\"name\":\"Accueil\",\"item\":\"https:\/\/www.lareferencepierre.fr\/accueil\/\"},{\"@type\":\"ListItem\",\"position\":2,\"name\":\"Accueil\"}]},{\"@type\":\"WebSite\",\"@id\":\"https:\/\/www.lareferencepierre.fr\/accueil\/#website\",\"url\":\"https:\/\/www.lareferencepierre.fr\/accueil\/\",\"name\":\"LRP\",\"description\":\"\",\"publisher\":{\"@id\":\"https:\/\/www.lareferencepierre.fr\/accueil\/#organization\"},\"potentialAction\":[{\"@type\":\"SearchAction\",\"target\":{\"@type\":\"EntryPoint\",\"urlTemplate\":\"https:\/\/www.lareferencepierre.fr\/accueil\/?s={search_term_string}\"},\"query-input\":{\"@type\":\"PropertyValueSpecification\",\"valueRequired\":true,\"valueName\":\"search_term_string\"}}],\"inLanguage\":\"fr-FR\"},{\"@type\":\"Organization\",\"@id\":\"https:\/\/www.lareferencepierre.fr\/accueil\/#organization\",\"name\":\"LRP\",\"url\":\"https:\/\/www.lareferencepierre.fr\/accueil\/\",\"logo\":{\"@type\":\"ImageObject\",\"inLanguage\":\"fr-FR\",\"@id\":\"https:\/\/www.lareferencepierre.fr\/accueil\/#\/schema\/logo\/image\/\",\"url\":\"https:\/\/www.lareferencepierre.fr\/accueil\/wp-content\/uploads\/logo-lrp.svg\",\"contentUrl\":\"https:\/\/www.lareferencepierre.fr\/accueil\/wp-content\/uploads\/logo-lrp.svg\",\"width\":89,\"height\":72,\"caption\":\"LRP\"},\"image\":{\"@id\":\"https:\/\/www.lareferencepierre.fr\/accueil\/#\/schema\/logo\/image\/\"}}]}<\/script>\n<!-- \/ Yoast SEO plugin. -->","yoast_head_json":{"title":"Accueil - LRP - La R\u00e9f\u00e9rence Pierre","description":"Depuis sa cr\u00e9ation en 2009, La R\u00e9f\u00e9rence Pierre by Ark\u00e9a se distingue comme une plateforme immobili\u00e8re incontournable pour les professionnels du patrimoine avec un acc\u00e8s privil\u00e9gi\u00e9 \u00e0 une s\u00e9lection de programmes immobiliers exclusifs et diversifi\u00e9s.","robots":{"index":"index","follow":"follow","max-snippet":"max-snippet:-1","max-image-preview":"max-image-preview:large","max-video-preview":"max-video-preview:-1"},"canonical":"https:\/\/www.lareferencepierre.fr\/accueil\/","og_locale":"fr_FR","og_type":"article","og_title":"Accueil - LRP - La R\u00e9f\u00e9rence Pierre","og_description":"Depuis sa cr\u00e9ation en 2009, La R\u00e9f\u00e9rence Pierre by Ark\u00e9a se distingue comme une plateforme immobili\u00e8re incontournable pour les professionnels du patrimoine avec un acc\u00e8s privil\u00e9gi\u00e9 \u00e0 une s\u00e9lection de programmes immobiliers exclusifs et diversifi\u00e9s.","og_url":"https:\/\/www.lareferencepierre.fr\/accueil\/","og_site_name":"LRP","article_modified_time":"2026-04-29T13:53:20+00:00","og_image":[{"url":"https:\/\/www.lareferencepierre.fr\/accueil\/wp-content\/uploads\/ano11188-1.png","type":"","width":"","height":""}],"twitter_card":"summary_large_image","twitter_misc":{"Dur\u00e9e de lecture estim\u00e9e":"6 minutes"},"schema":{"@context":"https:\/\/schema.org","@graph":[{"@type":"WebPage","@id":"https:\/\/www.lareferencepierre.fr\/accueil\/","url":"https:\/\/www.lareferencepierre.fr\/accueil\/","name":"Accueil - LRP - La R\u00e9f\u00e9rence Pierre","isPartOf":{"@id":"https:\/\/www.lareferencepierre.fr\/accueil\/#website"},"primaryImageOfPage":{"@id":"https:\/\/www.lareferencepierre.fr\/accueil\/#primaryimage"},"image":{"@id":"https:\/\/www.lareferencepierre.fr\/accueil\/#primaryimage"},"thumbnailUrl":"https:\/\/www.lareferencepierre.fr\/accueil\/wp-content\/uploads\/ano11188-1.png","datePublished":"2019-11-12T13:16:37+00:00","dateModified":"2026-04-29T13:53:20+00:00","description":"Depuis sa cr\u00e9ation en 2009, La R\u00e9f\u00e9rence Pierre by Ark\u00e9a se distingue comme une plateforme immobili\u00e8re incontournable pour les professionnels du patrimoine avec un acc\u00e8s privil\u00e9gi\u00e9 \u00e0 une s\u00e9lection de programmes immobiliers exclusifs et diversifi\u00e9s.","breadcrumb":{"@id":"https:\/\/www.lareferencepierre.fr\/accueil\/#breadcrumb"},"inLanguage":"fr-FR","potentialAction":[{"@type":"ReadAction","target":["https:\/\/www.lareferencepierre.fr\/accueil\/"]}]},{"@type":"ImageObject","inLanguage":"fr-FR","@id":"https:\/\/www.lareferencepierre.fr\/accueil\/#primaryimage","url":"https:\/\/www.lareferencepierre.fr\/accueil\/wp-content\/uploads\/ano11188-1.png","contentUrl":"https:\/\/www.lareferencepierre.fr\/accueil\/wp-content\/uploads\/ano11188-1.png","width":800,"height":800},{"@type":"BreadcrumbList","@id":"https:\/\/www.lareferencepierre.fr\/accueil\/#breadcrumb","itemListElement":[{"@type":"ListItem","position":1,"name":"Accueil","item":"https:\/\/www.lareferencepierre.fr\/accueil\/"},{"@type":"ListItem","position":2,"name":"Accueil"}]},{"@type":"WebSite","@id":"https:\/\/www.lareferencepierre.fr\/accueil\/#website","url":"https:\/\/www.lareferencepierre.fr\/accueil\/","name":"LRP","description":"","publisher":{"@id":"https:\/\/www.lareferencepierre.fr\/accueil\/#organization"},"potentialAction":[{"@type":"SearchAction","target":{"@type":"EntryPoint","urlTemplate":"https:\/\/www.lareferencepierre.fr\/accueil\/?s={search_term_string}"},"query-input":{"@type":"PropertyValueSpecification","valueRequired":true,"valueName":"search_term_string"}}],"inLanguage":"fr-FR"},{"@type":"Organization","@id":"https:\/\/www.lareferencepierre.fr\/accueil\/#organization","name":"LRP","url":"https:\/\/www.lareferencepierre.fr\/accueil\/","logo":{"@type":"ImageObject","inLanguage":"fr-FR","@id":"https:\/\/www.lareferencepierre.fr\/accueil\/#\/schema\/logo\/image\/","url":"https:\/\/www.lareferencepierre.fr\/accueil\/wp-content\/uploads\/logo-lrp.svg","contentUrl":"https:\/\/www.lareferencepierre.fr\/accueil\/wp-content\/uploads\/logo-lrp.svg","width":89,"height":72,"caption":"LRP"},"image":{"@id":"https:\/\/www.lareferencepierre.fr\/accueil\/#\/schema\/logo\/image\/"}}]}},"mfb_rest_fields":["yoast_head","yoast_head_json"],"_links":{"self":[{"href":"https:\/\/www.lareferencepierre.fr\/accueil\/wp-json\/wp\/v2\/pages\/2","targetHints":{"allow":["GET"]}}],"collection":[{"href":"https:\/\/www.lareferencepierre.fr\/accueil\/wp-json\/wp\/v2\/pages"}],"about":[{"href":"https:\/\/www.lareferencepierre.fr\/accueil\/wp-json\/wp\/v2\/types\/page"}],"author":[{"embeddable":true,"href":"https:\/\/www.lareferencepierre.fr\/accueil\/wp-json\/wp\/v2\/users\/1"}],"replies":[{"embeddable":true,"href":"https:\/\/www.lareferencepierre.fr\/accueil\/wp-json\/wp\/v2\/comments?post=2"}],"version-history":[{"count":50,"href":"https:\/\/www.lareferencepierre.fr\/accueil\/wp-json\/wp\/v2\/pages\/2\/revisions"}],"predecessor-version":[{"id":27738,"href":"https:\/\/www.lareferencepierre.fr\/accueil\/wp-json\/wp\/v2\/pages\/2\/revisions\/27738"}],"wp:attachment":[{"href":"https:\/\/www.lareferencepierre.fr\/accueil\/wp-json\/wp\/v2\/media?parent=2"}],"curies":[{"name":"wp","href":"https:\/\/api.w.org\/{rel}","templated":true}]}}